{"id":9,"date":"2023-02-10T11:42:47","date_gmt":"2023-02-10T11:42:47","guid":{"rendered":"https:\/\/reciclajesmoa.com\/?page_id=9"},"modified":"2023-03-16T11:59:27","modified_gmt":"2023-03-16T11:59:27","slug":"inicio","status":"publish","type":"page","link":"https:\/\/reciclajesmoa.com\/ca\/","title":{"rendered":"Inici"},"content":{"rendered":"<div class=\"wpb-content-wrapper\"><div data-vc-full-width=\"true\" data-vc-full-width-init=\"false\" data-vc-stretch-content=\"true\" class=\"vc_row wpb_row vc_row-fluid\"><div class=\"wpb_column vc_column_container vc_col-sm-12 vc_hidden-sm vc_hidden-xs vc_col-has-fill\"><div class=\"vc_column-inner vc_custom_1676621847104\"><div class=\"wpb_wrapper\"><div class=\"vc_empty_space\"   style=\"height: 310px\"><span class=\"vc_empty_space_inner\"><\/span><\/div>\n\t<div class=\"wpb_text_column wpb_content_element  wpb_animate_when_almost_visible wpb_fadeIn fadeIn\" >\n\t\t<div class=\"wpb_wrapper\">\n\t\t\t<h1 style=\"text-align: center; font-size: 40px;\"><span style=\"color: white;\">L\u00cdDERS A LA IND\u00daSTRIA DE<\/span><br \/>\n<span style=\"color: #fab90a;\">PALETS A BARCELONA<\/span><\/h1>\n\n\t\t<\/div>\n\t<\/div>\n<div class=\"vc_empty_space\"   style=\"height: 210px\"><span class=\"vc_empty_space_inner\"><\/span><\/div><\/div><\/div><\/div><\/div><div class=\"vc_row-full-width vc_clearfix\"><\/div><div class=\"nk-awb  nk-awb-after-vc_row\" ><div class=\"nk-awb-wrap\" data-awb-type=\"video\" data-awb-image-background-size=\"cover\" data-awb-image-background-position=\"50% 50%\" data-awb-video=\"mp4:https:\/\/reciclajesmoa.com\/wp-content\/uploads\/2023\/02\/WEB-VIDEO-RECICLAJES-MOA.mp4\" data-awb-video-start-time=\"0\" data-awb-video-end-time=\"0\" data-awb-video-volume=\"0\" data-awb-video-mobile=\"false\"><div  class=\"nk-awb-inner\"><\/div><\/div><\/div><div data-vc-full-width=\"true\" data-vc-full-width-init=\"false\" data-vc-stretch-content=\"true\" class=\"vc_row wpb_row vc_row-fluid\"><div class=\"wpb_column vc_column_container vc_col-sm-12 vc_hidden-lg vc_hidden-md vc_col-has-fill\"><div class=\"vc_column-inner vc_custom_1676621855052\"><div class=\"wpb_wrapper\"><div class=\"vc_empty_space\"   style=\"height: 140px\"><span class=\"vc_empty_space_inner\"><\/span><\/div>\n\t<div class=\"wpb_text_column wpb_content_element  wpb_animate_when_almost_visible wpb_fadeInUp fadeInUp\" >\n\t\t<div class=\"wpb_wrapper\">\n\t\t\t<h1 style=\"text-align: center; font-size: 40px;\"><span style=\"color: white;\">L\u00cdDERS A LA IND\u00daSTRIA DE<\/span><br \/>\n<span style=\"color: #fab90a;\">PALETS A BARCELONA<\/span><\/h1>\n\n\t\t<\/div>\n\t<\/div>\n<div class=\"vc_empty_space\"   style=\"height: 90px\"><span class=\"vc_empty_space_inner\"><\/span><\/div><\/div><\/div><\/div><\/div><div class=\"vc_row-full-width vc_clearfix\"><\/div><div class=\"nk-awb  nk-awb-after-vc_row\" ><div class=\"nk-awb-wrap\" data-awb-type=\"video\" data-awb-image-background-size=\"cover\" data-awb-image-background-position=\"50% 50%\" data-awb-video=\"mp4:https:\/\/reciclajesmoa.com\/wp-content\/uploads\/2023\/02\/WEB-VIDEO-RECICLAJES-MOA.mp4\" data-awb-video-start-time=\"0\" data-awb-video-end-time=\"0\" data-awb-video-volume=\"0\" data-awb-video-mobile=\"1\"><div  class=\"nk-awb-inner\"><\/div><\/div><\/div><div data-vc-full-width=\"true\" data-vc-full-width-init=\"false\" data-vc-stretch-content=\"true\" class=\"vc_row wpb_row vc_row-fluid wpb_animate_when_almost_visible wpb_fadeIn fadeIn vc_custom_1677498510200 vc_row-has-fill vc_column-gap-35\"><div class=\"wpb_column vc_column_container vc_col-sm-12\"><div class=\"vc_column-inner\"><div class=\"wpb_wrapper\"><div class=\"vc_row wpb_row vc_inner vc_row-fluid vc_custom_1676031146628 vc_column-gap-35\"><div class=\"hvr-float wpb_column vc_column_container vc_col-sm-4\"><div class=\"vc_column-inner\"><div class=\"wpb_wrapper\"><div class=\"vc_empty_space\"   style=\"height: 2px\"><span class=\"vc_empty_space_inner\"><\/span><\/div>\n\t<div  class=\"wpb_single_image wpb_content_element vc_align_center\">\n\t\t\n\t\t<figure class=\"wpb_wrapper vc_figure\">\n\t\t\t<div class=\"vc_single_image-wrapper   vc_box_border_grey\"><img loading=\"lazy\" decoding=\"async\" width=\"150\" height=\"150\" src=\"https:\/\/reciclajesmoa.com\/wp-content\/uploads\/2023\/02\/icono-compra-venta-palets-150x150.png\" class=\"vc_single_image-img attachment-thumbnail\" alt=\"icono-compra-venta-palets\" title=\"icona-compra-venda-palets\" srcset=\"https:\/\/reciclajesmoa.com\/wp-content\/uploads\/2023\/02\/icono-compra-venta-palets-150x150.png 150w, https:\/\/reciclajesmoa.com\/wp-content\/uploads\/2023\/02\/icono-compra-venta-palets-300x300.png 300w, https:\/\/reciclajesmoa.com\/wp-content\/uploads\/2023\/02\/icono-compra-venta-palets.png 600w\" sizes=\"auto, (max-width: 150px) 100vw, 150px\" \/><\/div>\n\t\t<\/figure>\n\t<\/div>\n\n\t<div class=\"wpb_text_column wpb_content_element\" >\n\t\t<div class=\"wpb_wrapper\">\n\t\t\t<h3 style=\"text-align: center;\"><span style=\"color: white;\">COMPRA I VENDA DE<\/span><span style=\"color: #fab90a;\"> PALETS<\/span><\/h3>\n<p style=\"text-align: center;\"><span style=\"color: #ffffff;\">RECICLATGES MOA ofereix un ampli i variat estoc de tota mena de palets, no dubti en contactar amb nosaltres davant de qualsevol dubte. Tamb\u00e9 oferim el servei de compra de palets on els recuperem i restaurem mitjan\u00e7ant l&#039;\u00fas de la millor tecnologia\u2026<\/span><\/p>\n\n\t\t<\/div>\n\t<\/div>\n<\/div><\/div><\/div><div class=\"hvr-float wpb_column vc_column_container vc_col-sm-4\"><div class=\"vc_column-inner\"><div class=\"wpb_wrapper\"><div class=\"vc_empty_space\"   style=\"height: 2px\"><span class=\"vc_empty_space_inner\"><\/span><\/div>\n\t<div  class=\"wpb_single_image wpb_content_element vc_align_center\">\n\t\t\n\t\t<figure class=\"wpb_wrapper vc_figure\">\n\t\t\t<div class=\"vc_single_image-wrapper   vc_box_border_grey\"><img loading=\"lazy\" decoding=\"async\" width=\"150\" height=\"150\" src=\"https:\/\/reciclajesmoa.com\/wp-content\/uploads\/2023\/02\/icono-fabricacion-palets-150x150.png\" class=\"vc_single_image-img attachment-thumbnail\" alt=\"icono-fabricacion-palets\" title=\"icona-fabricaci\u00f3-palets\" srcset=\"https:\/\/reciclajesmoa.com\/wp-content\/uploads\/2023\/02\/icono-fabricacion-palets-150x150.png 150w, https:\/\/reciclajesmoa.com\/wp-content\/uploads\/2023\/02\/icono-fabricacion-palets-300x300.png 300w, https:\/\/reciclajesmoa.com\/wp-content\/uploads\/2023\/02\/icono-fabricacion-palets.png 600w\" sizes=\"auto, (max-width: 150px) 100vw, 150px\" \/><\/div>\n\t\t<\/figure>\n\t<\/div>\n\n\t<div class=\"wpb_text_column wpb_content_element\" >\n\t\t<div class=\"wpb_wrapper\">\n\t\t\t<h3 style=\"text-align: center;\"><span style=\"color: white;\">FABRICACI\u00d3 DE PALETS<\/span><span style=\"color: #fab90a;\"> A MIDA<\/span><\/h3>\n<p style=\"text-align: center;\"><span style=\"color: #ffffff;\">La nostra cont\u00ednua innovaci\u00f3 ens permet fabricar palets de qualsevol mida. Gr\u00e0cies a la nostra maquin\u00e0ria obtinguda en els darrers anys i el gran equip de professionals que la utilitzen, RECICLATGES MOA fabrica els seus palets en temps r\u00e8cord\u2026<\/span><\/p>\n\n\t\t<\/div>\n\t<\/div>\n<\/div><\/div><\/div><div class=\"hvr-float wpb_column vc_column_container vc_col-sm-4\"><div class=\"vc_column-inner\"><div class=\"wpb_wrapper\"><div class=\"vc_empty_space\"   style=\"height: 2px\"><span class=\"vc_empty_space_inner\"><\/span><\/div>\n\t<div  class=\"wpb_single_image wpb_content_element vc_align_center\">\n\t\t\n\t\t<figure class=\"wpb_wrapper vc_figure\">\n\t\t\t<div class=\"vc_single_image-wrapper   vc_box_border_grey\"><img loading=\"lazy\" decoding=\"async\" width=\"150\" height=\"150\" src=\"https:\/\/reciclajesmoa.com\/wp-content\/uploads\/2023\/02\/icono-gestion-de-residuos-150x150.png\" class=\"vc_single_image-img attachment-thumbnail\" alt=\"icono-gestion-de-residuos\" title=\"icona-gestion-de-residus\" srcset=\"https:\/\/reciclajesmoa.com\/wp-content\/uploads\/2023\/02\/icono-gestion-de-residuos-150x150.png 150w, https:\/\/reciclajesmoa.com\/wp-content\/uploads\/2023\/02\/icono-gestion-de-residuos-300x300.png 300w, https:\/\/reciclajesmoa.com\/wp-content\/uploads\/2023\/02\/icono-gestion-de-residuos.png 600w\" sizes=\"auto, (max-width: 150px) 100vw, 150px\" \/><\/div>\n\t\t<\/figure>\n\t<\/div>\n\n\t<div class=\"wpb_text_column wpb_content_element\" >\n\t\t<div class=\"wpb_wrapper\">\n\t\t\t<h3 style=\"text-align: center;\"><span style=\"color: white;\">GESTI\u00d3 DE<\/span><span style=\"color: #fab90a;\"> RESIDUS<\/span><\/h3>\n<p style=\"text-align: center;\"><span style=\"color: #ffffff;\">La finalitat de RECICLATGES MOA \u00e9s oferir un servei \u00e0gil a les ind\u00fastries que volen confiar el seu comprom\u00eds per preservar el medi ambient a una empresa seriosa, experta, fiable i professional. Sempre respectuosos amb el medi ambient.<\/span><\/p>\n\n\t\t<\/div>\n\t<\/div>\n<\/div><\/div><\/div><\/div><\/div><\/div><\/div><\/div><div class=\"vc_row-full-width vc_clearfix\"><\/div><div class=\"vc_row wpb_row vc_row-fluid\"><div class=\"wpb_column vc_column_container vc_col-sm-12 vc_hidden-sm vc_hidden-xs\"><div class=\"vc_column-inner\"><div class=\"wpb_wrapper\"><div class=\"vc_empty_space\"   style=\"height: 82px\"><span class=\"vc_empty_space_inner\"><\/span><\/div><\/div><\/div><\/div><\/div><div class=\"vc_row wpb_row vc_row-fluid\"><div class=\"wpb_column vc_column_container vc_col-sm-12 vc_hidden-lg vc_hidden-md\"><div class=\"vc_column-inner\"><div class=\"wpb_wrapper\"><div class=\"vc_empty_space\"   style=\"height: 62px\"><span class=\"vc_empty_space_inner\"><\/span><\/div><\/div><\/div><\/div><\/div><div data-vc-full-width=\"true\" data-vc-full-width-init=\"false\" data-vc-stretch-content=\"true\" class=\"vc_row wpb_row vc_row-fluid vc_column-gap-35 vc_row-no-padding\"><div class=\"wpb_animate_when_almost_visible wpb_fadeInUp fadeInUp wpb_column vc_column_container vc_col-sm-6 vc_hidden-sm vc_hidden-xs\"><div class=\"vc_column-inner vc_custom_1677498536678\"><div class=\"wpb_wrapper\">\n\t<div class=\"wpb_text_column wpb_content_element\" >\n\t\t<div class=\"wpb_wrapper\">\n\t\t\t<h2 style=\"font-size: 40px;\">COMPRA I VENDA DE<span style=\"color: #fab90a;\"> PALETS<\/span><\/h2>\n<h6>Barcelona \u00b7 Granollers \u00b7 Canovelles \u00b7 Sta. Perp\u00e8tua \u00b7 Sant Andreu de la Barca<\/h6>\n<p style=\"text-align: justify;\">La majoria d&#039;ind\u00fastries a nivell mundial, principalment dedicades a la producci\u00f3 de b\u00e9ns materials, tenen un element en com\u00fa que tot i que pugui semblar simple, \u00e9s de vital import\u00e0ncia i sense ell seria tot molt m\u00e9s complicat. Parlem dels palets, ja que s\u00f3n un element imprescindible a l&#039;hora de traslladar grans c\u00e0rregues de mercaderia a dins o fora d&#039;un magatzem.<\/p>\n<p style=\"text-align: justify;\">Per\u00f2 els palets no sorgeixen del no-res, ja que cal que hi hagi empreses que els fabriquin i gestionin de manera adequada, i \u00e9s aqu\u00ed on entrem nosaltres. A Reciclatges Moa ens dediquem a la compravenda de palets, a la seva fabricaci\u00f3, ia la seva adequada gesti\u00f3 de manera que puguin ser reutilitzats i per tant que no es converteixin en residus contaminants.<\/p>\n<p style=\"text-align: justify;\">A Reciclajes Moa creiem que tot residu es pot aprofitar i per aix\u00f2 comptem amb un servei de contenidors, que s&#039;encarrega de recollir tots aquells residus dels nostres clients a priori contaminants i convertir-los en mat\u00e8ria primera i secund\u00e0ria 100% funcional i d&#039;alta qualitat.<\/p>\n\n\t\t<\/div>\n\t<\/div>\n<div class=\"vc_row wpb_row vc_inner vc_row-fluid vc_custom_1676455847740 vc_column-gap-5\"><div class=\"wpb_column vc_column_container vc_col-sm-4\"><div class=\"vc_column-inner vc_custom_1677491856394\"><div class=\"wpb_wrapper\">\n\t<div  class=\"wpb_single_image wpb_content_element vc_align_center\">\n\t\t\n\t\t<figure class=\"wpb_wrapper vc_figure\">\n\t\t\t<div class=\"vc_single_image-wrapper   vc_box_border_grey\"><img loading=\"lazy\" decoding=\"async\" width=\"120\" height=\"185\" src=\"https:\/\/reciclajesmoa.com\/wp-content\/uploads\/2023\/02\/logo-moa-2.png\" class=\"vc_single_image-img attachment-full\" alt=\"logo moa 2\" title=\"logo moa 2\" \/><\/div>\n\t\t<\/figure>\n\t<\/div>\n<\/div><\/div><\/div><div class=\"wpb_column vc_column_container vc_col-sm-8\"><div class=\"vc_column-inner\"><div class=\"wpb_wrapper\"><div class=\"vc_empty_space\"   style=\"height: 42px\"><span class=\"vc_empty_space_inner\"><\/span><\/div>\n\t<div class=\"wpb_text_column wpb_content_element  vc_custom_1676455861043\" >\n\t\t<div class=\"wpb_wrapper\">\n\t\t\t<h4 style=\"text-align: justify; font-size: 20px;\">Comptem amb la maquin\u00e0ria i el personal necessari per oferir-vos un servei de qualitat.<\/h4>\n\n\t\t<\/div>\n\t<\/div>\n<\/div><\/div><\/div><\/div><\/div><\/div><\/div><div class=\"wpb_animate_when_almost_visible wpb_fadeInUp fadeInUp wpb_column vc_column_container vc_col-sm-6 vc_hidden-sm vc_hidden-xs\"><div class=\"vc_column-inner\"><div class=\"wpb_wrapper\"><div class=\"vc_empty_space\"   style=\"height: 132px\"><span class=\"vc_empty_space_inner\"><\/span><\/div>\n\t<div  class=\"wpb_single_image wpb_content_element vc_align_left\">\n\t\t\n\t\t<figure class=\"wpb_wrapper vc_figure\">\n\t\t\t<div class=\"vc_single_image-wrapper   vc_box_border_grey\"><img loading=\"lazy\" decoding=\"async\" width=\"1024\" height=\"376\" src=\"https:\/\/reciclajesmoa.com\/wp-content\/uploads\/2023\/03\/RECICLAJES-MOA-2-1024x376-1.jpg\" class=\"vc_single_image-img attachment-full\" alt=\"reciclatge MOA\" title=\"reciclatge MOA\" srcset=\"https:\/\/reciclajesmoa.com\/wp-content\/uploads\/2023\/03\/RECICLAJES-MOA-2-1024x376-1.jpg 1024w, https:\/\/reciclajesmoa.com\/wp-content\/uploads\/2023\/03\/RECICLAJES-MOA-2-1024x376-1-300x110.jpg 300w, https:\/\/reciclajesmoa.com\/wp-content\/uploads\/2023\/03\/RECICLAJES-MOA-2-1024x376-1-768x282.jpg 768w\" sizes=\"auto, (max-width: 1024px) 100vw, 1024px\" \/><\/div>\n\t\t<\/figure>\n\t<\/div>\n\n\t<div  class=\"wpb_single_image wpb_content_element vc_align_left\">\n\t\t\n\t\t<figure class=\"wpb_wrapper vc_figure\">\n\t\t\t<div class=\"vc_single_image-wrapper   vc_box_border_grey\"><img loading=\"lazy\" decoding=\"async\" width=\"1024\" height=\"376\" src=\"https:\/\/reciclajesmoa.com\/wp-content\/uploads\/2023\/03\/RECICLAJES-MOA-1-1024x376-1.jpg\" class=\"vc_single_image-img attachment-full\" alt=\"reciclatge MOA\" title=\"reciclatge MOA\" srcset=\"https:\/\/reciclajesmoa.com\/wp-content\/uploads\/2023\/03\/RECICLAJES-MOA-1-1024x376-1.jpg 1024w, https:\/\/reciclajesmoa.com\/wp-content\/uploads\/2023\/03\/RECICLAJES-MOA-1-1024x376-1-300x110.jpg 300w, https:\/\/reciclajesmoa.com\/wp-content\/uploads\/2023\/03\/RECICLAJES-MOA-1-1024x376-1-768x282.jpg 768w\" sizes=\"auto, (max-width: 1024px) 100vw, 1024px\" \/><\/div>\n\t\t<\/figure>\n\t<\/div>\n<\/div><\/div><\/div><\/div><div class=\"vc_row-full-width vc_clearfix\"><\/div><div class=\"vc_row wpb_row vc_row-fluid\"><div class=\"wpb_animate_when_almost_visible wpb_fadeInUp fadeInUp wpb_column vc_column_container vc_col-sm-6 vc_hidden-lg vc_hidden-md\"><div class=\"vc_column-inner\"><div class=\"wpb_wrapper\">\n\t<div class=\"wpb_text_column wpb_content_element\" >\n\t\t<div class=\"wpb_wrapper\">\n\t\t\t<h2 style=\"font-size: 40px;\">COMPRA I VENDA DE<span style=\"color: #fab90a;\"> PALETS<\/span><\/h2>\n<h6>Barcelona \u00b7 Granollers \u00b7 Canovelles \u00b7 Sta. Perp\u00e8tua \u00b7 Sant Andreu de la Barca<\/h6>\n<p style=\"text-align: justify;\">La majoria d&#039;ind\u00fastries a nivell mundial, principalment dedicades a la producci\u00f3 de b\u00e9ns materials, tenen un element en com\u00fa que tot i que pugui semblar simple, \u00e9s de vital import\u00e0ncia i sense ell seria tot molt m\u00e9s complicat. Parlem dels palets, ja que s\u00f3n un element imprescindible a l&#039;hora de traslladar grans c\u00e0rregues de mercaderia a dins o fora d&#039;un magatzem.<\/p>\n<p style=\"text-align: justify;\">Per\u00f2 els palets no sorgeixen del no-res, ja que cal que hi hagi empreses que els fabriquin i gestionin de manera adequada, i \u00e9s aqu\u00ed on entrem nosaltres. A Reciclatges Moa ens dediquem a la compravenda de palets, a la seva fabricaci\u00f3, ia la seva adequada gesti\u00f3 de manera que puguin ser reutilitzats i per tant que no es converteixin en residus contaminants.<\/p>\n<p style=\"text-align: justify;\">A Reciclajes Moa creiem que tot residu es pot aprofitar i per aix\u00f2 comptem amb un servei de contenidors, que s&#039;encarrega de recollir tots aquells residus dels nostres clients a priori contaminants i convertir-los en mat\u00e8ria primera i secund\u00e0ria 100% funcional i d&#039;alta qualitat.<\/p>\n\n\t\t<\/div>\n\t<\/div>\n<div class=\"vc_row wpb_row vc_inner vc_row-fluid vc_custom_1676455847740 vc_column-gap-5\"><div class=\"wpb_column vc_column_container vc_col-sm-4\"><div class=\"vc_column-inner\"><div class=\"wpb_wrapper\">\n\t<div  class=\"wpb_single_image wpb_content_element vc_align_center\">\n\t\t\n\t\t<figure class=\"wpb_wrapper vc_figure\">\n\t\t\t<div class=\"vc_single_image-wrapper   vc_box_border_grey\"><\/div>\n\t\t<\/figure>\n\t<\/div>\n<\/div><\/div><\/div><div class=\"wpb_column vc_column_container vc_col-sm-8\"><div class=\"vc_column-inner\"><div class=\"wpb_wrapper\"><div class=\"vc_empty_space\"   style=\"height: 42px\"><span class=\"vc_empty_space_inner\"><\/span><\/div>\n\t<div class=\"wpb_text_column wpb_content_element  vc_custom_1676455861043\" >\n\t\t<div class=\"wpb_wrapper\">\n\t\t\t<h4 style=\"text-align: justify; font-size: 20px;\">Comptem amb la maquin\u00e0ria i el personal necessari per oferir-vos un servei de qualitat.<\/h4>\n\n\t\t<\/div>\n\t<\/div>\n<\/div><\/div><\/div><\/div><\/div><\/div><\/div><div class=\"wpb_animate_when_almost_visible wpb_fadeInUp fadeInUp wpb_column vc_column_container vc_col-sm-6 vc_hidden-lg vc_hidden-md\"><div class=\"vc_column-inner\"><div class=\"wpb_wrapper\"><div class=\"vc_empty_space\"   style=\"height: 32px\"><span class=\"vc_empty_space_inner\"><\/span><\/div>\n\t<div  class=\"wpb_single_image wpb_content_element vc_align_left\">\n\t\t\n\t\t<figure class=\"wpb_wrapper vc_figure\">\n\t\t\t<div class=\"vc_single_image-wrapper   vc_box_border_grey\"><img loading=\"lazy\" decoding=\"async\" width=\"1024\" height=\"376\" src=\"https:\/\/reciclajesmoa.com\/wp-content\/uploads\/2023\/03\/RECICLAJES-MOA-2-1024x376-1.jpg\" class=\"vc_single_image-img attachment-full\" alt=\"reciclatge MOA\" title=\"reciclatge MOA\" srcset=\"https:\/\/reciclajesmoa.com\/wp-content\/uploads\/2023\/03\/RECICLAJES-MOA-2-1024x376-1.jpg 1024w, https:\/\/reciclajesmoa.com\/wp-content\/uploads\/2023\/03\/RECICLAJES-MOA-2-1024x376-1-300x110.jpg 300w, https:\/\/reciclajesmoa.com\/wp-content\/uploads\/2023\/03\/RECICLAJES-MOA-2-1024x376-1-768x282.jpg 768w\" sizes=\"auto, (max-width: 1024px) 100vw, 1024px\" \/><\/div>\n\t\t<\/figure>\n\t<\/div>\n\n\t<div  class=\"wpb_single_image wpb_content_element vc_align_left\">\n\t\t\n\t\t<figure class=\"wpb_wrapper vc_figure\">\n\t\t\t<div class=\"vc_single_image-wrapper   vc_box_border_grey\"><img loading=\"lazy\" decoding=\"async\" width=\"1024\" height=\"376\" src=\"https:\/\/reciclajesmoa.com\/wp-content\/uploads\/2023\/03\/RECICLAJES-MOA-1-1024x376-1.jpg\" class=\"vc_single_image-img attachment-full\" alt=\"reciclatge MOA\" title=\"reciclatge MOA\" srcset=\"https:\/\/reciclajesmoa.com\/wp-content\/uploads\/2023\/03\/RECICLAJES-MOA-1-1024x376-1.jpg 1024w, https:\/\/reciclajesmoa.com\/wp-content\/uploads\/2023\/03\/RECICLAJES-MOA-1-1024x376-1-300x110.jpg 300w, https:\/\/reciclajesmoa.com\/wp-content\/uploads\/2023\/03\/RECICLAJES-MOA-1-1024x376-1-768x282.jpg 768w\" sizes=\"auto, (max-width: 1024px) 100vw, 1024px\" \/><\/div>\n\t\t<\/figure>\n\t<\/div>\n<\/div><\/div><\/div><\/div><div class=\"vc_row wpb_row vc_row-fluid\"><div class=\"wpb_column vc_column_container vc_col-sm-12\"><div class=\"vc_column-inner\"><div class=\"wpb_wrapper\"><div class=\"vc_empty_space\"   style=\"height: 82px\"><span class=\"vc_empty_space_inner\"><\/span><\/div><\/div><\/div><\/div><\/div><div data-vc-full-width=\"true\" data-vc-full-width-init=\"false\" data-vc-stretch-content=\"true\" data-vc-parallax=\"1.5\" data-vc-parallax-image=\"https:\/\/reciclajesmoa.com\/wp-content\/uploads\/2023\/02\/image-005-scaled.jpg\" class=\"vc_row wpb_row vc_row-fluid vc_row-has-fill vc_general vc_parallax vc_parallax-content-moving\"><div class=\"wpb_column vc_column_container vc_col-sm-12 vc_col-has-fill\"><div class=\"vc_column-inner vc_custom_1677491555709\"><div class=\"wpb_wrapper\"><div class=\"vc_empty_space\"   style=\"height: 62px\"><span class=\"vc_empty_space_inner\"><\/span><\/div>\n\t<div class=\"wpb_text_column wpb_content_element  wpb_animate_when_almost_visible wpb_fadeInUp fadeInUp vc_custom_1677498868784\" >\n\t\t<div class=\"wpb_wrapper\">\n\t\t\t<h3 style=\"font-size: 40px; text-align: center;\"><span style=\"color: #ffffff;\">EL NOSTRE CAT\u00c0LEG DE<\/span><span style=\"color: #fab90a;\"> PALETS<\/span><\/h3>\n<p style=\"text-align: center;\"><span style=\"color: #ffffff;\">Com a l\u00edders a la ind\u00fastria de Palets a tot Barcelona, oferim una gran gamma de productes, amb diferents caracter\u00edstiques i funcionalitats a destacar. Descobreix-ho tot al nostre cat\u00e0leg. RECICLATGES MOA centra la seva activitat en la compra i venda de palets, i valoritzaci\u00f3 i recuperaci\u00f3 de deixalles industrials, treballant principalment amb materials com fusta i cartr\u00f3.<\/span><\/p>\n\n\t\t<\/div>\n\t<\/div>\n<div class=\"vc_btn3-container  wpb_animate_when_almost_visible wpb_fadeInUp fadeInUp vc_btn3-center\" ><a style=\"background-color:#fab90a; color:#152438;\" class=\"vc_general vc_btn3 vc_btn3-size-lg vc_btn3-shape-square vc_btn3-style-custom\" href=\"https:\/\/reciclajesmoa.com\/ca\/catalogo\/\" title=\"\">VEURE CAT\u00c0LEG<\/a><\/div><div class=\"vc_empty_space\"   style=\"height: 72px\"><span class=\"vc_empty_space_inner\"><\/span><\/div><\/div><\/div><\/div><\/div><div class=\"vc_row-full-width vc_clearfix\"><\/div><div class=\"vc_row wpb_row vc_row-fluid\"><div class=\"wpb_column vc_column_container vc_col-sm-12\"><div class=\"vc_column-inner\"><div class=\"wpb_wrapper\"><div class=\"vc_empty_space\"   style=\"height: 62px\"><span class=\"vc_empty_space_inner\"><\/span><\/div><\/div><\/div><\/div><\/div><div class=\"vc_row wpb_row vc_row-fluid vc_column-gap-35\"><div class=\"wpb_column vc_column_container vc_col-sm-6 vc_hidden-sm vc_hidden-xs\"><div class=\"vc_column-inner\"><div class=\"wpb_wrapper\">\n\t<div class=\"wpb_text_column wpb_content_element  wpb_animate_when_almost_visible wpb_fadeInUp fadeInUp\" >\n\t\t<div class=\"wpb_wrapper\">\n\t\t\t<h3 style=\"font-size: 40px;\"><span style=\"color: #152438;\">RECICLATGES<\/span><span style=\"color: #fab90a;\"> MOA<\/span><\/h3>\n<h6>10.500M2 DE MAGATZEM PER AL TRACTAMENT I VENDA DE PALETS DE FUSTA<\/h6>\n<p style=\"text-align: justify;\">RECICLATGES MOA centra la seva activitat en la compra i venda de palets, i valoritzaci\u00f3 i recuperaci\u00f3 de deixalles industrials, treballant principalment amb materials com fusta i cartr\u00f3. Tamb\u00e9 estem autoritzats per al tractament de palets complint la normativa NIMF-15, que consisteix a aplicar un assecat artificial a la fusta que permet exportar els nostres productes a qualsevol pa\u00eds estranger.<\/p>\n<p style=\"text-align: justify;\">Els nostres clients comencen a treballar amb nosaltres pels nostres preus i queden per l&#039;elevat nivell de professionalitat i qualitat del servei obtingut. Per aix\u00f2 i gr\u00e0cies al creixement de la nostra empresa aconseguit en els darrers anys, RECICLATGES MOA \u00e9s el seu company ideal en la gesti\u00f3 dels seus palets.<\/p>\n\n\t\t<\/div>\n\t<\/div>\n<\/div><\/div><\/div><div class=\"wpb_column vc_column_container vc_col-sm-6 vc_hidden-sm vc_hidden-xs\"><div class=\"vc_column-inner\"><div class=\"wpb_wrapper\"><div class=\"vc_empty_space\"   style=\"height: 62px\"><span class=\"vc_empty_space_inner\"><\/span><\/div>\n\t<div class=\"wpb_raw_code wpb_content_element wpb_raw_html\" >\n\t\t<div class=\"wpb_wrapper\">\n\t\t\t<iframe loading=\"lazy\" width=\"560\" height=\"415\" src=\"https:\/\/www.youtube.com\/embed\/5flGvRNiq44\" title=\"YouTube v\u00eddeo player\" frameborder=\"0\" allow=\"accelerometer; autoplay; clipboard-write; encrypted-media; gyroscope; picture-in-picture; web-share\" allowfullscreen><\/iframe>\n\t\t<\/div>\n\t<\/div>\n<\/div><\/div><\/div><\/div><div class=\"vc_row wpb_row vc_row-fluid vc_column-gap-35\"><div class=\"wpb_column vc_column_container vc_col-sm-6 vc_hidden-lg vc_hidden-md\"><div class=\"vc_column-inner\"><div class=\"wpb_wrapper\">\n\t<div class=\"wpb_text_column wpb_content_element  wpb_animate_when_almost_visible wpb_fadeInUp fadeInUp\" >\n\t\t<div class=\"wpb_wrapper\">\n\t\t\t<h3 style=\"font-size: 40px;\"><span style=\"color: #152438;\">RECICLATGES<\/span><span style=\"color: #fab90a;\"> MOA<\/span><\/h3>\n<h6>10.500M2 DE MAGATZEM PER AL TRACTAMENT I VENDA DE PALETS DE FUSTA<\/h6>\n<p style=\"text-align: justify;\">RECICLATGES MOA centra la seva activitat en la compra i venda de palets, i valoritzaci\u00f3 i recuperaci\u00f3 de deixalles industrials, treballant principalment amb materials com fusta i cartr\u00f3. Tamb\u00e9 estem autoritzats per al tractament de palets complint la normativa NIMF-15, que consisteix a aplicar un assecat artificial a la fusta que permet exportar els nostres productes a qualsevol pa\u00eds estranger.<\/p>\n<p style=\"text-align: justify;\">Els nostres clients comencen a treballar amb nosaltres pels nostres preus i queden per l&#039;elevat nivell de professionalitat i qualitat del servei obtingut. Per aix\u00f2 i gr\u00e0cies al creixement de la nostra empresa aconseguit en els darrers anys, RECICLATGES MOA \u00e9s el seu company ideal en la gesti\u00f3 dels seus palets.<\/p>\n\n\t\t<\/div>\n\t<\/div>\n<\/div><\/div><\/div><div class=\"wpb_column vc_column_container vc_col-sm-6 vc_hidden-lg vc_hidden-md\"><div class=\"vc_column-inner\"><div class=\"wpb_wrapper\">\n\t<div class=\"wpb_raw_code wpb_content_element wpb_raw_html\" >\n\t\t<div class=\"wpb_wrapper\">\n\t\t\t<iframe loading=\"lazy\" width=\"560\" height=\"415\" src=\"https:\/\/www.youtube.com\/embed\/5flGvRNiq44\" title=\"YouTube v\u00eddeo player\" frameborder=\"0\" allow=\"accelerometer; autoplay; clipboard-write; encrypted-media; gyroscope; picture-in-picture; web-share\" allowfullscreen><\/iframe>\n\t\t<\/div>\n\t<\/div>\n<\/div><\/div><\/div><\/div><div class=\"vc_row wpb_row vc_row-fluid\"><div class=\"wpb_column vc_column_container vc_col-sm-12\"><div class=\"vc_column-inner\"><div class=\"wpb_wrapper\"><div class=\"vc_empty_space\"   style=\"height: 82px\"><span class=\"vc_empty_space_inner\"><\/span><\/div><\/div><\/div><\/div><\/div><div data-vc-full-width=\"true\" data-vc-full-width-init=\"false\" data-vc-stretch-content=\"true\" data-vc-parallax=\"1.5\" data-vc-parallax-image=\"https:\/\/reciclajesmoa.com\/wp-content\/uploads\/2023\/02\/image-001-scaled.jpg\" class=\"vc_row wpb_row vc_row-fluid vc_row-has-fill vc_general vc_parallax vc_parallax-content-moving\"><div class=\"wpb_column vc_column_container vc_col-sm-12 vc_col-has-fill\"><div class=\"vc_column-inner vc_custom_1677491572621\"><div class=\"wpb_wrapper\"><div class=\"vc_empty_space\"   style=\"height: 22px\"><span class=\"vc_empty_space_inner\"><\/span><\/div>\n\t<div class=\"wpb_text_column wpb_content_element  wpb_animate_when_almost_visible wpb_fadeInUp fadeInUp vc_custom_1677498619982\" >\n\t\t<div class=\"wpb_wrapper\">\n\t\t\t<p style=\"text-align: center; font-size: 29px;\"><span style=\"color: #ffffff;\">Una de les caracter\u00edstiques de <span style=\"color: #fab90a;\">Reciclatges Moa<\/span> que ens diferencia de la compet\u00e8ncia, \u00e9s la nostra capacitat per crear palets totalment a mida, seguint aix\u00ed les necessitats de tots els nostres clients.<\/span><\/p>\n\n\t\t<\/div>\n\t<\/div>\n<div class=\"vc_empty_space\"   style=\"height: 32px\"><span class=\"vc_empty_space_inner\"><\/span><\/div><\/div><\/div><\/div><\/div><div class=\"vc_row-full-width vc_clearfix\"><\/div><div class=\"vc_row wpb_row vc_row-fluid\"><div class=\"wpb_column vc_column_container vc_col-sm-12 vc_hidden-sm vc_hidden-xs\"><div class=\"vc_column-inner\"><div class=\"wpb_wrapper\"><div class=\"vc_empty_space\"   style=\"height: 82px\"><span class=\"vc_empty_space_inner\"><\/span><\/div><\/div><\/div><\/div><\/div><div class=\"vc_row wpb_row vc_row-fluid\"><div class=\"wpb_column vc_column_container vc_col-sm-12 vc_hidden-lg vc_hidden-md\"><div class=\"vc_column-inner\"><div class=\"wpb_wrapper\"><div class=\"vc_empty_space\"   style=\"height: 62px\"><span class=\"vc_empty_space_inner\"><\/span><\/div><\/div><\/div><\/div><\/div><div class=\"vc_row wpb_row vc_row-fluid wpb_animate_when_almost_visible wpb_fadeInUp fadeInUp\"><div class=\"wpb_column vc_column_container vc_col-sm-12 vc_hidden-sm vc_hidden-xs\"><div class=\"vc_column-inner\"><div class=\"wpb_wrapper\">\n\t<div class=\"wpb_text_column wpb_content_element\" >\n\t\t<div class=\"wpb_wrapper\">\n\t\t\t<h3 style=\"font-size: 40px;\"><span style=\"color: #152438;\">SERVEIS<\/span><span style=\"color: #fab90a;\"> PRINCIPALS<\/span><\/h3>\n\n\t\t<\/div>\n\t<\/div>\n<div class=\"vc_tta-container\" data-vc-action=\"collapse\" data-vc-tta-autoplay=\"{&quot;delay&quot;:10000}\"><div class=\"vc_general vc_tta vc_tta-tabs vc_tta-color-white vc_tta-style-flat vc_tta-shape-rounded vc_tta-spacing-1 vc_tta-has-pagination vc_tta-tabs-position-top vc_tta-controls-align-center vc_custom_1677500994259\"><div class=\"vc_tta-tabs-container\"><ul class=\"vc_tta-tabs-list\"><li class=\"vc_tta-tab vc_active\" data-vc-tab><a href=\"#servicios\" data-vc-tabs data-vc-container=\".vc_tta\"><span class=\"vc_tta-title-text\"><\/span><\/a><\/li><li class=\"vc_tta-tab\" data-vc-tab><a href=\"#servicios2\" data-vc-tabs data-vc-container=\".vc_tta\"><span class=\"vc_tta-title-text\"><\/span><\/a><\/li><li class=\"vc_tta-tab\" data-vc-tab><a href=\"#servicios3\" data-vc-tabs data-vc-container=\".vc_tta\"><span class=\"vc_tta-title-text\"><\/span><\/a><\/li><li class=\"vc_tta-tab\" data-vc-tab><a href=\"#servicios4\" data-vc-tabs data-vc-container=\".vc_tta\"><span class=\"vc_tta-title-text\"><\/span><\/a><\/li><li class=\"vc_tta-tab\" data-vc-tab><a href=\"#servicios5\" data-vc-tabs data-vc-container=\".vc_tta\"><span class=\"vc_tta-title-text\"><\/span><\/a><\/li><\/ul><\/div><div class=\"vc_tta-panels-container\"><div class=\"vc_tta-panels\"><div class=\"vc_tta-panel vc_active\" id=\"servicios\" data-vc-content=\".vc_tta-panel-body\"><div class=\"vc_tta-panel-heading\"><h4 class=\"vc_tta-panel-title\"><a href=\"#servicios\" data-vc-accordion data-vc-container=\".vc_tta-container\"><span class=\"vc_tta-title-text\"><\/span><\/a><\/h4><\/div><div class=\"vc_tta-panel-body\"><div class=\"vc_row wpb_row vc_inner vc_row-fluid\"><div class=\"wpb_column vc_column_container vc_col-sm-3\"><div class=\"vc_column-inner\"><div class=\"wpb_wrapper\">\n\t<div  class=\"wpb_single_image wpb_content_element vc_align_left\">\n\t\t\n\t\t<figure class=\"wpb_wrapper vc_figure\">\n\t\t\t<div class=\"vc_single_image-wrapper   vc_box_border_grey\"><img loading=\"lazy\" decoding=\"async\" width=\"240\" height=\"240\" src=\"https:\/\/reciclajesmoa.com\/wp-content\/uploads\/2023\/02\/palets.png\" class=\"vc_single_image-img attachment-full\" alt=\"Comprar palets\" title=\"Venda de Palets\" srcset=\"https:\/\/reciclajesmoa.com\/wp-content\/uploads\/2023\/02\/palets.png 240w, https:\/\/reciclajesmoa.com\/wp-content\/uploads\/2023\/02\/palets-150x150.png 150w\" sizes=\"auto, (max-width: 240px) 100vw, 240px\" \/><\/div>\n\t\t<\/figure>\n\t<\/div>\n\n\t<div class=\"wpb_text_column wpb_content_element\" >\n\t\t<div class=\"wpb_wrapper\">\n\t\t\t<h3><strong>Venda de Palets<\/strong><\/h3>\n\n\t\t<\/div>\n\t<\/div>\n\n\t<div class=\"wpb_text_column wpb_content_element\" >\n\t\t<div class=\"wpb_wrapper\">\n\t\t\t<p>Descobreix el nostre principal servei i de m\u00e0xima qualitat.<\/p>\n\n\t\t<\/div>\n\t<\/div>\n<div class=\"vc_empty_space\"   style=\"height: 40px\"><span class=\"vc_empty_space_inner\"><\/span><\/div><div class=\"vc_btn3-container vc_btn3-inline\" ><a class=\"vc_general vc_btn3 vc_btn3-size-md vc_btn3-shape-rounded vc_btn3-style-flat vc_btn3-color-warning\" href=\"https:\/\/reciclajesmoa.com\/ca\/venta-de-palets\/\" title=\"\">M\u00e9s informaci\u00f3<\/a><\/div><\/div><\/div><\/div><div class=\"wpb_column vc_column_container vc_col-sm-3\"><div class=\"vc_column-inner\"><div class=\"wpb_wrapper\">\n\t<div  class=\"wpb_single_image wpb_content_element vc_align_left\">\n\t\t\n\t\t<figure class=\"wpb_wrapper vc_figure\">\n\t\t\t<div class=\"vc_single_image-wrapper   vc_box_border_grey\"><img loading=\"lazy\" decoding=\"async\" width=\"238\" height=\"238\" src=\"https:\/\/reciclajesmoa.com\/wp-content\/uploads\/2023\/02\/pallets-1523553_1280-238x238-1.jpg\" class=\"vc_single_image-img attachment-full\" alt=\"Venta de Palets Barcelona\" title=\"Venda de Palets Barcelona\" srcset=\"https:\/\/reciclajesmoa.com\/wp-content\/uploads\/2023\/02\/pallets-1523553_1280-238x238-1.jpg 238w, https:\/\/reciclajesmoa.com\/wp-content\/uploads\/2023\/02\/pallets-1523553_1280-238x238-1-150x150.jpg 150w\" sizes=\"auto, (max-width: 238px) 100vw, 238px\" \/><\/div>\n\t\t<\/figure>\n\t<\/div>\n\n\t<div class=\"wpb_text_column wpb_content_element\" >\n\t\t<div class=\"wpb_wrapper\">\n\t\t\t<h3><strong>Venda de Palets Barcelona<\/strong><\/h3>\n\n\t\t<\/div>\n\t<\/div>\n\n\t<div class=\"wpb_text_column wpb_content_element\" >\n\t\t<div class=\"wpb_wrapper\">\n\t\t\t<p>Empresa principal de Barcelona en venda de palets de fusta<\/p>\n\n\t\t<\/div>\n\t<\/div>\n<div class=\"vc_btn3-container vc_btn3-inline\" ><a class=\"vc_general vc_btn3 vc_btn3-size-md vc_btn3-shape-rounded vc_btn3-style-flat vc_btn3-color-warning\" href=\"https:\/\/reciclajesmoa.com\/ca\/venta-de-palets\/venta-de-palets-barcelona\/\" title=\"Venda palets Sabadell\">M\u00e9s informaci\u00f3<\/a><\/div><\/div><\/div><\/div><div class=\"wpb_column vc_column_container vc_col-sm-3\"><div class=\"vc_column-inner\"><div class=\"wpb_wrapper\">\n\t<div  class=\"wpb_single_image wpb_content_element vc_align_left\">\n\t\t\n\t\t<figure class=\"wpb_wrapper vc_figure\">\n\t\t\t<div class=\"vc_single_image-wrapper   vc_box_border_grey\"><img loading=\"lazy\" decoding=\"async\" width=\"238\" height=\"238\" src=\"https:\/\/reciclajesmoa.com\/wp-content\/uploads\/2023\/02\/carretilla-palets-moa-1024x683-min-238x238-1.jpg\" class=\"vc_single_image-img attachment-full\" alt=\"Venta de Palets Sabadell\" title=\"Venda de Palets Sabadell\" srcset=\"https:\/\/reciclajesmoa.com\/wp-content\/uploads\/2023\/02\/carretilla-palets-moa-1024x683-min-238x238-1.jpg 238w, https:\/\/reciclajesmoa.com\/wp-content\/uploads\/2023\/02\/carretilla-palets-moa-1024x683-min-238x238-1-150x150.jpg 150w\" sizes=\"auto, (max-width: 238px) 100vw, 238px\" \/><\/div>\n\t\t<\/figure>\n\t<\/div>\n\n\t<div class=\"wpb_text_column wpb_content_element\" >\n\t\t<div class=\"wpb_wrapper\">\n\t\t\t<h3><strong>Venda de Palets Sabadell<\/strong><\/h3>\n\n\t\t<\/div>\n\t<\/div>\n\n\t<div class=\"wpb_text_column wpb_content_element\" >\n\t\t<div class=\"wpb_wrapper\">\n\t\t\t<p>Servei de venda de palets de fusta al millor preu<\/p>\n\n\t\t<\/div>\n\t<\/div>\n<div class=\"vc_btn3-container vc_btn3-inline\" ><a class=\"vc_general vc_btn3 vc_btn3-size-md vc_btn3-shape-rounded vc_btn3-style-flat vc_btn3-color-warning\" href=\"https:\/\/reciclajesmoa.com\/ca\/venta-palets-sabadell\/\" title=\"Venda palets Sabadell\">M\u00e9s informaci\u00f3<\/a><\/div><\/div><\/div><\/div><div class=\"wpb_column vc_column_container vc_col-sm-3\"><div class=\"vc_column-inner\"><div class=\"wpb_wrapper\">\n\t<div  class=\"wpb_single_image wpb_content_element vc_align_left\">\n\t\t\n\t\t<figure class=\"wpb_wrapper vc_figure\">\n\t\t\t<div class=\"vc_single_image-wrapper   vc_box_border_grey\"><img loading=\"lazy\" decoding=\"async\" width=\"238\" height=\"238\" src=\"https:\/\/reciclajesmoa.com\/wp-content\/uploads\/2023\/02\/euro-pallets-1386517_1280-238x238-1.jpg\" class=\"vc_single_image-img attachment-full\" alt=\"Compra venta de palets\" title=\"Compra venda de palets\" srcset=\"https:\/\/reciclajesmoa.com\/wp-content\/uploads\/2023\/02\/euro-pallets-1386517_1280-238x238-1.jpg 238w, https:\/\/reciclajesmoa.com\/wp-content\/uploads\/2023\/02\/euro-pallets-1386517_1280-238x238-1-150x150.jpg 150w\" sizes=\"auto, (max-width: 238px) 100vw, 238px\" \/><\/div>\n\t\t<\/figure>\n\t<\/div>\n\n\t<div class=\"wpb_text_column wpb_content_element\" >\n\t\t<div class=\"wpb_wrapper\">\n\t\t\t<h3><strong>Compra venda de palets<\/strong><\/h3>\n\n\t\t<\/div>\n\t<\/div>\n\n\t<div class=\"wpb_text_column wpb_content_element\" >\n\t\t<div class=\"wpb_wrapper\">\n\t\t\t<p>Servei de compra venda de palets al millor preu<\/p>\n\n\t\t<\/div>\n\t<\/div>\n<div class=\"vc_btn3-container vc_btn3-inline\" ><a class=\"vc_general vc_btn3 vc_btn3-size-md vc_btn3-shape-rounded vc_btn3-style-flat vc_btn3-color-warning\" href=\"https:\/\/reciclajesmoa.com\/ca\/compra-venta-de-palets\/\" title=\"\">M\u00e9s informaci\u00f3<\/a><\/div><\/div><\/div><\/div><\/div><\/div><\/div><div class=\"vc_tta-panel\" id=\"servicios2\" data-vc-content=\".vc_tta-panel-body\"><div class=\"vc_tta-panel-heading\"><h4 class=\"vc_tta-panel-title\"><a href=\"#servicios2\" data-vc-accordion data-vc-container=\".vc_tta-container\"><span class=\"vc_tta-title-text\"><\/span><\/a><\/h4><\/div><div class=\"vc_tta-panel-body\"><div class=\"vc_row wpb_row vc_inner vc_row-fluid\"><div class=\"wpb_column vc_column_container vc_col-sm-3\"><div class=\"vc_column-inner\"><div class=\"wpb_wrapper\">\n\t<div  class=\"wpb_single_image wpb_content_element vc_align_left\">\n\t\t\n\t\t<figure class=\"wpb_wrapper vc_figure\">\n\t\t\t<div class=\"vc_single_image-wrapper   vc_box_border_grey\"><\/div>\n\t\t<\/figure>\n\t<\/div>\n\n\t<div class=\"wpb_text_column wpb_content_element\" >\n\t\t<div class=\"wpb_wrapper\">\n\t\t\t<h3><strong>Compra venda de palets Barcelona<\/strong><\/h3>\n\n\t\t<\/div>\n\t<\/div>\n\n\t<div class=\"wpb_text_column wpb_content_element\" >\n\t\t<div class=\"wpb_wrapper\">\n\t\t\t<p>Servei de qualitat a Barcelona<\/p>\n\n\t\t<\/div>\n\t<\/div>\n<div class=\"vc_empty_space\"   style=\"height: 28px\"><span class=\"vc_empty_space_inner\"><\/span><\/div><div class=\"vc_btn3-container vc_btn3-inline\" ><a class=\"vc_general vc_btn3 vc_btn3-size-md vc_btn3-shape-rounded vc_btn3-style-flat vc_btn3-color-warning\" href=\"https:\/\/reciclajesmoa.com\/ca\/compra-venta-de-palets\/compra-venta-de-palets-barcelona\/\" title=\"Compra venda de palets Barcelona\">M\u00e9s informaci\u00f3<\/a><\/div><\/div><\/div><\/div><div class=\"wpb_column vc_column_container vc_col-sm-3\"><div class=\"vc_column-inner\"><div class=\"wpb_wrapper\">\n\t<div  class=\"wpb_single_image wpb_content_element vc_align_left\">\n\t\t\n\t\t<figure class=\"wpb_wrapper vc_figure\">\n\t\t\t<div class=\"vc_single_image-wrapper   vc_box_border_grey\"><img loading=\"lazy\" decoding=\"async\" width=\"238\" height=\"238\" src=\"https:\/\/reciclajesmoa.com\/wp-content\/uploads\/2023\/02\/pallets-3714502_1280-238x238-1.jpg\" class=\"vc_single_image-img attachment-full\" alt=\"Compra venta de palets Montcada\" title=\"Compra venda de palets Montcada\" srcset=\"https:\/\/reciclajesmoa.com\/wp-content\/uploads\/2023\/02\/pallets-3714502_1280-238x238-1.jpg 238w, https:\/\/reciclajesmoa.com\/wp-content\/uploads\/2023\/02\/pallets-3714502_1280-238x238-1-150x150.jpg 150w\" sizes=\"auto, (max-width: 238px) 100vw, 238px\" \/><\/div>\n\t\t<\/figure>\n\t<\/div>\n\n\t<div class=\"wpb_text_column wpb_content_element\" >\n\t\t<div class=\"wpb_wrapper\">\n\t\t\t<h3><strong>Compra venda de palets Montcada<\/strong><\/h3>\n\n\t\t<\/div>\n\t<\/div>\n\n\t<div class=\"wpb_text_column wpb_content_element\" >\n\t\t<div class=\"wpb_wrapper\">\n\t\t\t<p>Servei reeixit en la compra venda de palets<\/p>\n\n\t\t<\/div>\n\t<\/div>\n<div class=\"vc_btn3-container vc_btn3-inline\" ><a class=\"vc_general vc_btn3 vc_btn3-size-md vc_btn3-shape-rounded vc_btn3-style-flat vc_btn3-color-warning\" href=\"https:\/\/reciclajesmoa.com\/ca\/compra-venta-de-palets\/compra-venta-de-palets-montcada\/\" title=\"Venda palets Sabadell\">M\u00e9s informaci\u00f3<\/a><\/div><\/div><\/div><\/div><div class=\"wpb_column vc_column_container vc_col-sm-3\"><div class=\"vc_column-inner\"><div class=\"wpb_wrapper\">\n\t<div  class=\"wpb_single_image wpb_content_element vc_align_left\">\n\t\t\n\t\t<figure class=\"wpb_wrapper vc_figure\">\n\t\t\t<div class=\"vc_single_image-wrapper   vc_box_border_grey\"><img loading=\"lazy\" decoding=\"async\" width=\"238\" height=\"238\" src=\"https:\/\/reciclajesmoa.com\/wp-content\/uploads\/2023\/02\/palets-barcelona-1-238x238-1.jpg\" class=\"vc_single_image-img attachment-full\" alt=\"Compra venta de palets Sabadell\" title=\"Compra venda de palets Sabadell\" srcset=\"https:\/\/reciclajesmoa.com\/wp-content\/uploads\/2023\/02\/palets-barcelona-1-238x238-1.jpg 238w, https:\/\/reciclajesmoa.com\/wp-content\/uploads\/2023\/02\/palets-barcelona-1-238x238-1-150x150.jpg 150w\" sizes=\"auto, (max-width: 238px) 100vw, 238px\" \/><\/div>\n\t\t<\/figure>\n\t<\/div>\n\n\t<div class=\"wpb_text_column wpb_content_element\" >\n\t\t<div class=\"wpb_wrapper\">\n\t\t\t<h3><strong>Compra venda de palets Sabadell<\/strong><\/h3>\n\n\t\t<\/div>\n\t<\/div>\n\n\t<div class=\"wpb_text_column wpb_content_element\" >\n\t\t<div class=\"wpb_wrapper\">\n\t\t\t<p>Empresa l\u00edder al sector de la compra i venda de palets<\/p>\n\n\t\t<\/div>\n\t<\/div>\n<div class=\"vc_btn3-container vc_btn3-inline\" ><a class=\"vc_general vc_btn3 vc_btn3-size-md vc_btn3-shape-rounded vc_btn3-style-flat vc_btn3-color-warning\" href=\"https:\/\/reciclajesmoa.com\/ca\/compra-venta-de-palets\/compra-venta-de-palets-sabadell\/\" title=\"Venda palets Sabadell\">M\u00e9s informaci\u00f3<\/a><\/div><\/div><\/div><\/div><div class=\"wpb_column vc_column_container vc_col-sm-3\"><div class=\"vc_column-inner\"><div class=\"wpb_wrapper\">\n\t<div  class=\"wpb_single_image wpb_content_element vc_align_left\">\n\t\t\n\t\t<figure class=\"wpb_wrapper vc_figure\">\n\t\t\t<div class=\"vc_single_image-wrapper   vc_box_border_grey\"><img loading=\"lazy\" decoding=\"async\" width=\"238\" height=\"238\" src=\"https:\/\/reciclajesmoa.com\/wp-content\/uploads\/2023\/02\/palets-barcelona.jpg\" class=\"vc_single_image-img attachment-full\" alt=\"Palets Barcelona\" title=\"Palets Barcelona\" srcset=\"https:\/\/reciclajesmoa.com\/wp-content\/uploads\/2023\/02\/palets-barcelona.jpg 238w, https:\/\/reciclajesmoa.com\/wp-content\/uploads\/2023\/02\/palets-barcelona-150x150.jpg 150w\" sizes=\"auto, (max-width: 238px) 100vw, 238px\" \/><\/div>\n\t\t<\/figure>\n\t<\/div>\n\n\t<div class=\"wpb_text_column wpb_content_element\" >\n\t\t<div class=\"wpb_wrapper\">\n\t\t\t<h3><strong>Palets Barcelona<\/strong><\/h3>\n\n\t\t<\/div>\n\t<\/div>\n\n\t<div class=\"wpb_text_column wpb_content_element\" >\n\t\t<div class=\"wpb_wrapper\">\n\t\t\t<p>Disseny i fabricaci\u00f3 de palets a Barcelona<\/p>\n\n\t\t<\/div>\n\t<\/div>\n<div class=\"vc_empty_space\"   style=\"height: 40px\"><span class=\"vc_empty_space_inner\"><\/span><\/div><div class=\"vc_btn3-container vc_btn3-inline\" ><a class=\"vc_general vc_btn3 vc_btn3-size-md vc_btn3-shape-rounded vc_btn3-style-flat vc_btn3-color-warning\" href=\"https:\/\/reciclajesmoa.com\/ca\/palets-barcelona\/\" title=\"Palets Barcelona\">M\u00e9s informaci\u00f3<\/a><\/div><\/div><\/div><\/div><\/div><\/div><\/div><div class=\"vc_tta-panel\" id=\"servicios3\" data-vc-content=\".vc_tta-panel-body\"><div class=\"vc_tta-panel-heading\"><h4 class=\"vc_tta-panel-title\"><a href=\"#servicios3\" data-vc-accordion data-vc-container=\".vc_tta-container\"><span class=\"vc_tta-title-text\"><\/span><\/a><\/h4><\/div><div class=\"vc_tta-panel-body\"><div class=\"vc_row wpb_row vc_inner vc_row-fluid\"><div class=\"wpb_column vc_column_container vc_col-sm-3\"><div class=\"vc_column-inner\"><div class=\"wpb_wrapper\">\n\t<div  class=\"wpb_single_image wpb_content_element vc_align_left\">\n\t\t\n\t\t<figure class=\"wpb_wrapper vc_figure\">\n\t\t\t<div class=\"vc_single_image-wrapper   vc_box_border_grey\"><img loading=\"lazy\" decoding=\"async\" width=\"238\" height=\"238\" src=\"https:\/\/reciclajesmoa.com\/wp-content\/uploads\/2023\/02\/texture-956764_640-1-238x238-1.jpg\" class=\"vc_single_image-img attachment-full\" alt=\"Palets Cerdanyola\" title=\"Palets Cerdanyola\" srcset=\"https:\/\/reciclajesmoa.com\/wp-content\/uploads\/2023\/02\/texture-956764_640-1-238x238-1.jpg 238w, https:\/\/reciclajesmoa.com\/wp-content\/uploads\/2023\/02\/texture-956764_640-1-238x238-1-150x150.jpg 150w\" sizes=\"auto, (max-width: 238px) 100vw, 238px\" \/><\/div>\n\t\t<\/figure>\n\t<\/div>\n\n\t<div class=\"wpb_text_column wpb_content_element\" >\n\t\t<div class=\"wpb_wrapper\">\n\t\t\t<h3><strong>Palets Cerdanyola<\/strong><\/h3>\n\n\t\t<\/div>\n\t<\/div>\n\n\t<div class=\"wpb_text_column wpb_content_element\" >\n\t\t<div class=\"wpb_wrapper\">\n\t\t\t<p>La millor selecci\u00f3 de palets a Cerdanyola<\/p>\n\n\t\t<\/div>\n\t<\/div>\n<div class=\"vc_btn3-container vc_btn3-inline\" ><a class=\"vc_general vc_btn3 vc_btn3-size-md vc_btn3-shape-rounded vc_btn3-style-flat vc_btn3-color-warning\" href=\"https:\/\/reciclajesmoa.com\/ca\/palets-cerdanyola\/\" title=\"Palets Cerdanyola\">M\u00e9s informaci\u00f3<\/a><\/div><\/div><\/div><\/div><div class=\"wpb_column vc_column_container vc_col-sm-3\"><div class=\"vc_column-inner\"><div class=\"wpb_wrapper\">\n\t<div  class=\"wpb_single_image wpb_content_element vc_align_left\">\n\t\t\n\t\t<figure class=\"wpb_wrapper vc_figure\">\n\t\t\t<div class=\"vc_single_image-wrapper   vc_box_border_grey\"><img loading=\"lazy\" decoding=\"async\" width=\"238\" height=\"238\" src=\"https:\/\/reciclajesmoa.com\/wp-content\/uploads\/2023\/02\/background-21501_640-238x238-1.jpg\" class=\"vc_single_image-img attachment-full\" alt=\"Palets Sabadell\" title=\"Palets Sabadell\" srcset=\"https:\/\/reciclajesmoa.com\/wp-content\/uploads\/2023\/02\/background-21501_640-238x238-1.jpg 238w, https:\/\/reciclajesmoa.com\/wp-content\/uploads\/2023\/02\/background-21501_640-238x238-1-150x150.jpg 150w\" sizes=\"auto, (max-width: 238px) 100vw, 238px\" \/><\/div>\n\t\t<\/figure>\n\t<\/div>\n\n\t<div class=\"wpb_text_column wpb_content_element\" >\n\t\t<div class=\"wpb_wrapper\">\n\t\t\t<h3><strong>Palets Sabadell<\/strong><\/h3>\n\n\t\t<\/div>\n\t<\/div>\n\n\t<div class=\"wpb_text_column wpb_content_element\" >\n\t\t<div class=\"wpb_wrapper\">\n\t\t\t<p>Aconsegueix els millors palets a Sabadell<\/p>\n\n\t\t<\/div>\n\t<\/div>\n<div class=\"vc_btn3-container vc_btn3-inline\" ><a class=\"vc_general vc_btn3 vc_btn3-size-md vc_btn3-shape-rounded vc_btn3-style-flat vc_btn3-color-warning\" href=\"https:\/\/reciclajesmoa.com\/ca\/palets-sabadell-2\/\" title=\"Venda palets Sabadell\">M\u00e9s informaci\u00f3<\/a><\/div><\/div><\/div><\/div><div class=\"wpb_column vc_column_container vc_col-sm-3\"><div class=\"vc_column-inner\"><div class=\"wpb_wrapper\">\n\t<div  class=\"wpb_single_image wpb_content_element vc_align_left\">\n\t\t\n\t\t<figure class=\"wpb_wrapper vc_figure\">\n\t\t\t<div class=\"vc_single_image-wrapper   vc_box_border_grey\"><img loading=\"lazy\" decoding=\"async\" width=\"238\" height=\"238\" src=\"https:\/\/reciclajesmoa.com\/wp-content\/uploads\/2023\/02\/compra2-238x238-1.jpg\" class=\"vc_single_image-img attachment-full\" alt=\"Palets Granollers\" title=\"Palets Granollers\" srcset=\"https:\/\/reciclajesmoa.com\/wp-content\/uploads\/2023\/02\/compra2-238x238-1.jpg 238w, https:\/\/reciclajesmoa.com\/wp-content\/uploads\/2023\/02\/compra2-238x238-1-150x150.jpg 150w\" sizes=\"auto, (max-width: 238px) 100vw, 238px\" \/><\/div>\n\t\t<\/figure>\n\t<\/div>\n\n\t<div class=\"wpb_text_column wpb_content_element\" >\n\t\t<div class=\"wpb_wrapper\">\n\t\t\t<h3><strong>Palets Granollers<\/strong><\/h3>\n\n\t\t<\/div>\n\t<\/div>\n\n\t<div class=\"wpb_text_column wpb_content_element\" >\n\t\t<div class=\"wpb_wrapper\">\n\t\t\t<p>Palets per a la teva empresa a Granollers<\/p>\n\n\t\t<\/div>\n\t<\/div>\n<div class=\"vc_empty_space\"   style=\"height: 28px\"><span class=\"vc_empty_space_inner\"><\/span><\/div><div class=\"vc_btn3-container vc_btn3-inline\" ><a class=\"vc_general vc_btn3 vc_btn3-size-md vc_btn3-shape-rounded vc_btn3-style-flat vc_btn3-color-warning\" href=\"https:\/\/reciclajesmoa.com\/ca\/palets-granollers\/\" title=\"Venda palets Sabadell\">M\u00e9s informaci\u00f3<\/a><\/div><\/div><\/div><\/div><div class=\"wpb_column vc_column_container vc_col-sm-3\"><div class=\"vc_column-inner\"><div class=\"wpb_wrapper\">\n\t<div  class=\"wpb_single_image wpb_content_element vc_align_left\">\n\t\t\n\t\t<figure class=\"wpb_wrapper vc_figure\">\n\t\t\t<div class=\"vc_single_image-wrapper   vc_box_border_grey\"><img loading=\"lazy\" decoding=\"async\" width=\"238\" height=\"238\" src=\"https:\/\/reciclajesmoa.com\/wp-content\/uploads\/2023\/02\/euro-pallets-1160806_640-238x238-1.jpg\" class=\"vc_single_image-img attachment-full\" alt=\"Palets Mollet\" title=\"Palets Mollet\" srcset=\"https:\/\/reciclajesmoa.com\/wp-content\/uploads\/2023\/02\/euro-pallets-1160806_640-238x238-1.jpg 238w, https:\/\/reciclajesmoa.com\/wp-content\/uploads\/2023\/02\/euro-pallets-1160806_640-238x238-1-150x150.jpg 150w\" sizes=\"auto, (max-width: 238px) 100vw, 238px\" \/><\/div>\n\t\t<\/figure>\n\t<\/div>\n\n\t<div class=\"wpb_text_column wpb_content_element\" >\n\t\t<div class=\"wpb_wrapper\">\n\t\t\t<h3><strong>Palets Mollet<\/strong><\/h3>\n\n\t\t<\/div>\n\t<\/div>\n\n\t<div class=\"wpb_text_column wpb_content_element\" >\n\t\t<div class=\"wpb_wrapper\">\n\t\t\t<p>Els millors palets per a la teva empresa a Mollet<\/p>\n\n\t\t<\/div>\n\t<\/div>\n<div class=\"vc_btn3-container vc_btn3-inline\" ><a class=\"vc_general vc_btn3 vc_btn3-size-md vc_btn3-shape-rounded vc_btn3-style-flat vc_btn3-color-warning\" href=\"https:\/\/reciclajesmoa.com\/ca\/palets-mollet\/\" title=\"Palets Mollet\">M\u00e9s informaci\u00f3<\/a><\/div><\/div><\/div><\/div><\/div><\/div><\/div><div class=\"vc_tta-panel\" id=\"servicios4\" data-vc-content=\".vc_tta-panel-body\"><div class=\"vc_tta-panel-heading\"><h4 class=\"vc_tta-panel-title\"><a href=\"#servicios4\" data-vc-accordion data-vc-container=\".vc_tta-container\"><span class=\"vc_tta-title-text\"><\/span><\/a><\/h4><\/div><div class=\"vc_tta-panel-body\"><div class=\"vc_row wpb_row vc_inner vc_row-fluid\"><div class=\"wpb_column vc_column_container vc_col-sm-3\"><div class=\"vc_column-inner\"><div class=\"wpb_wrapper\">\n\t<div  class=\"wpb_single_image wpb_content_element vc_align_left\">\n\t\t\n\t\t<figure class=\"wpb_wrapper vc_figure\">\n\t\t\t<div class=\"vc_single_image-wrapper   vc_box_border_grey\"><img loading=\"lazy\" decoding=\"async\" width=\"238\" height=\"238\" src=\"https:\/\/reciclajesmoa.com\/wp-content\/uploads\/2023\/02\/euro-pallets-1150267_640-1-238x238-1.jpg\" class=\"vc_single_image-img attachment-full\" alt=\"Palets Terrassa\" title=\"Palets Terrassa\" srcset=\"https:\/\/reciclajesmoa.com\/wp-content\/uploads\/2023\/02\/euro-pallets-1150267_640-1-238x238-1.jpg 238w, https:\/\/reciclajesmoa.com\/wp-content\/uploads\/2023\/02\/euro-pallets-1150267_640-1-238x238-1-150x150.jpg 150w\" sizes=\"auto, (max-width: 238px) 100vw, 238px\" \/><\/div>\n\t\t<\/figure>\n\t<\/div>\n\n\t<div class=\"wpb_text_column wpb_content_element\" >\n\t\t<div class=\"wpb_wrapper\">\n\t\t\t<h3><strong>Palets Terrassa<\/strong><\/h3>\n\n\t\t<\/div>\n\t<\/div>\n\n\t<div class=\"wpb_text_column wpb_content_element\" >\n\t\t<div class=\"wpb_wrapper\">\n\t\t\t<p>Palets fets a mida a Terrassa<\/p>\n\n\t\t<\/div>\n\t<\/div>\n<div class=\"vc_empty_space\"   style=\"height: 32px\"><span class=\"vc_empty_space_inner\"><\/span><\/div><div class=\"vc_btn3-container vc_btn3-inline\" ><a class=\"vc_general vc_btn3 vc_btn3-size-md vc_btn3-shape-rounded vc_btn3-style-flat vc_btn3-color-warning\" href=\"https:\/\/reciclajesmoa.com\/ca\/palets-terrassa\/\" title=\"Venda palets Terrassa\">M\u00e9s informaci\u00f3<\/a><\/div><\/div><\/div><\/div><div class=\"wpb_column vc_column_container vc_col-sm-3\"><div class=\"vc_column-inner\"><div class=\"wpb_wrapper\">\n\t<div  class=\"wpb_single_image wpb_content_element vc_align_left\">\n\t\t\n\t\t<figure class=\"wpb_wrapper vc_figure\">\n\t\t\t<div class=\"vc_single_image-wrapper   vc_box_border_grey\"><img loading=\"lazy\" decoding=\"async\" width=\"240\" height=\"240\" src=\"https:\/\/reciclajesmoa.com\/wp-content\/uploads\/2023\/02\/palets.png\" class=\"vc_single_image-img attachment-full\" alt=\"Comprar palets\" title=\"Venda de Palets\" srcset=\"https:\/\/reciclajesmoa.com\/wp-content\/uploads\/2023\/02\/palets.png 240w, https:\/\/reciclajesmoa.com\/wp-content\/uploads\/2023\/02\/palets-150x150.png 150w\" sizes=\"auto, (max-width: 240px) 100vw, 240px\" \/><\/div>\n\t\t<\/figure>\n\t<\/div>\n\n\t<div class=\"wpb_text_column wpb_content_element\" >\n\t\t<div class=\"wpb_wrapper\">\n\t\t\t<h3><strong>Comprar palets<\/strong><\/h3>\n\n\t\t<\/div>\n\t<\/div>\n\n\t<div class=\"wpb_text_column wpb_content_element\" >\n\t\t<div class=\"wpb_wrapper\">\n\t\t\t<p>Compra els millors palets a Reciclatges Moa<\/p>\n\n\t\t<\/div>\n\t<\/div>\n<div class=\"vc_empty_space\"   style=\"height: 10px\"><span class=\"vc_empty_space_inner\"><\/span><\/div><div class=\"vc_btn3-container vc_btn3-inline\" ><a class=\"vc_general vc_btn3 vc_btn3-size-md vc_btn3-shape-rounded vc_btn3-style-flat vc_btn3-color-warning\" href=\"https:\/\/reciclajesmoa.com\/ca\/comprar-palets\/\" title=\"Venda palets Sabadell\">M\u00e9s informaci\u00f3<\/a><\/div><\/div><\/div><\/div><div class=\"wpb_column vc_column_container vc_col-sm-3\"><div class=\"vc_column-inner\"><div class=\"wpb_wrapper\">\n\t<div  class=\"wpb_single_image wpb_content_element vc_align_left\">\n\t\t\n\t\t<figure class=\"wpb_wrapper vc_figure\">\n\t\t\t<div class=\"vc_single_image-wrapper   vc_box_border_grey\"><img loading=\"lazy\" decoding=\"async\" width=\"238\" height=\"238\" src=\"https:\/\/reciclajesmoa.com\/wp-content\/uploads\/2023\/02\/palets-barcelona-1-238x238-1.jpg\" class=\"vc_single_image-img attachment-full\" alt=\"Compra venta de palets Sabadell\" title=\"Compra venda de palets Sabadell\" srcset=\"https:\/\/reciclajesmoa.com\/wp-content\/uploads\/2023\/02\/palets-barcelona-1-238x238-1.jpg 238w, https:\/\/reciclajesmoa.com\/wp-content\/uploads\/2023\/02\/palets-barcelona-1-238x238-1-150x150.jpg 150w\" sizes=\"auto, (max-width: 238px) 100vw, 238px\" \/><\/div>\n\t\t<\/figure>\n\t<\/div>\n\n\t<div class=\"wpb_text_column wpb_content_element\" >\n\t\t<div class=\"wpb_wrapper\">\n\t\t\t<h3><strong>Comprar palets Barcelona<\/strong><\/h3>\n\n\t\t<\/div>\n\t<\/div>\n\n\t<div class=\"wpb_text_column wpb_content_element\" >\n\t\t<div class=\"wpb_wrapper\">\n\t\t\t<p>Comprar palets a Barcelona<\/p>\n\n\t\t<\/div>\n\t<\/div>\n<div class=\"vc_btn3-container vc_btn3-inline\" ><a class=\"vc_general vc_btn3 vc_btn3-size-md vc_btn3-shape-rounded vc_btn3-style-flat vc_btn3-color-warning\" href=\"https:\/\/reciclajesmoa.com\/ca\/comprar-palets\/comprar-palets-barcelona\/\" title=\"Venda palets Sabadell\">M\u00e9s informaci\u00f3<\/a><\/div><\/div><\/div><\/div><div class=\"wpb_column vc_column_container vc_col-sm-3\"><div class=\"vc_column-inner\"><div class=\"wpb_wrapper\">\n\t<div  class=\"wpb_single_image wpb_content_element vc_align_left\">\n\t\t\n\t\t<figure class=\"wpb_wrapper vc_figure\">\n\t\t\t<div class=\"vc_single_image-wrapper   vc_box_border_grey\"><img loading=\"lazy\" decoding=\"async\" width=\"238\" height=\"238\" src=\"https:\/\/reciclajesmoa.com\/wp-content\/uploads\/2023\/02\/building-1688085_640-238x238-1.jpg\" class=\"vc_single_image-img attachment-full\" alt=\"Comprar palets Sabadell\" title=\"Comprar palets Sabadell\" srcset=\"https:\/\/reciclajesmoa.com\/wp-content\/uploads\/2023\/02\/building-1688085_640-238x238-1.jpg 238w, https:\/\/reciclajesmoa.com\/wp-content\/uploads\/2023\/02\/building-1688085_640-238x238-1-150x150.jpg 150w\" sizes=\"auto, (max-width: 238px) 100vw, 238px\" \/><\/div>\n\t\t<\/figure>\n\t<\/div>\n\n\t<div class=\"wpb_text_column wpb_content_element\" >\n\t\t<div class=\"wpb_wrapper\">\n\t\t\t<h3><strong>Comprar palets Sabadell<\/strong><\/h3>\n\n\t\t<\/div>\n\t<\/div>\n\n\t<div class=\"wpb_text_column wpb_content_element\" >\n\t\t<div class=\"wpb_wrapper\">\n\t\t\t<p>Palets per a la teva empresa a Sabadell<\/p>\n\n\t\t<\/div>\n\t<\/div>\n<div class=\"vc_btn3-container vc_btn3-inline\" ><a class=\"vc_general vc_btn3 vc_btn3-size-md vc_btn3-shape-rounded vc_btn3-style-flat vc_btn3-color-warning\" href=\"https:\/\/reciclajesmoa.com\/ca\/comprar-palets\/comprar-palets-sabadell\/\" title=\"Comprar palets Sabadell\">M\u00e9s informaci\u00f3<\/a><\/div><\/div><\/div><\/div><\/div><\/div><\/div><div class=\"vc_tta-panel\" id=\"servicios5\" data-vc-content=\".vc_tta-panel-body\"><div class=\"vc_tta-panel-heading\"><h4 class=\"vc_tta-panel-title\"><a href=\"#servicios5\" data-vc-accordion data-vc-container=\".vc_tta-container\"><span class=\"vc_tta-title-text\"><\/span><\/a><\/h4><\/div><div class=\"vc_tta-panel-body\"><div class=\"vc_row wpb_row vc_inner vc_row-fluid\"><div class=\"wpb_column vc_column_container vc_col-sm-3\"><div class=\"vc_column-inner\"><div class=\"wpb_wrapper\">\n\t<div  class=\"wpb_single_image wpb_content_element vc_align_left\">\n\t\t\n\t\t<figure class=\"wpb_wrapper vc_figure\">\n\t\t\t<div class=\"vc_single_image-wrapper   vc_box_border_grey\"><img loading=\"lazy\" decoding=\"async\" width=\"238\" height=\"238\" src=\"https:\/\/reciclajesmoa.com\/wp-content\/uploads\/2023\/02\/camion-palets-moa-1024x683-min-1-238x238-1.jpg\" class=\"vc_single_image-img attachment-full\" alt=\"Comprar palets Granollers\" title=\"Comprar palets Granollers\" srcset=\"https:\/\/reciclajesmoa.com\/wp-content\/uploads\/2023\/02\/camion-palets-moa-1024x683-min-1-238x238-1.jpg 238w, https:\/\/reciclajesmoa.com\/wp-content\/uploads\/2023\/02\/camion-palets-moa-1024x683-min-1-238x238-1-150x150.jpg 150w\" sizes=\"auto, (max-width: 238px) 100vw, 238px\" \/><\/div>\n\t\t<\/figure>\n\t<\/div>\n\n\t<div class=\"wpb_text_column wpb_content_element\" >\n\t\t<div class=\"wpb_wrapper\">\n\t\t\t<h3><strong>Comprar palets Granollers<\/strong><\/h3>\n\n\t\t<\/div>\n\t<\/div>\n\n\t<div class=\"wpb_text_column wpb_content_element\" >\n\t\t<div class=\"wpb_wrapper\">\n\t\t\t<p>Comprar palets a Granollers<\/p>\n\n\t\t<\/div>\n\t<\/div>\n<div class=\"vc_empty_space\"   style=\"height: 26px\"><span class=\"vc_empty_space_inner\"><\/span><\/div><div class=\"vc_btn3-container vc_btn3-inline\" ><a class=\"vc_general vc_btn3 vc_btn3-size-md vc_btn3-shape-rounded vc_btn3-style-flat vc_btn3-color-warning\" href=\"https:\/\/reciclajesmoa.com\/ca\/comprar-palets\/comprar-palets-granollers\/\" title=\"Comprar palets Granollers\">M\u00e9s informaci\u00f3<\/a><\/div><\/div><\/div><\/div><div class=\"wpb_column vc_column_container vc_col-sm-3\"><div class=\"vc_column-inner\"><div class=\"wpb_wrapper\">\n\t<div  class=\"wpb_single_image wpb_content_element vc_align_left\">\n\t\t\n\t\t<figure class=\"wpb_wrapper vc_figure\">\n\t\t\t<div class=\"vc_single_image-wrapper   vc_box_border_grey\"><img loading=\"lazy\" decoding=\"async\" width=\"238\" height=\"238\" src=\"https:\/\/reciclajesmoa.com\/wp-content\/uploads\/2023\/02\/reciclaje-palets2-238x238-1.jpg\" class=\"vc_single_image-img attachment-full\" alt=\"Palets Sant Boi del Llobregat\" title=\"Palets Sant Boi del Llobregat\" srcset=\"https:\/\/reciclajesmoa.com\/wp-content\/uploads\/2023\/02\/reciclaje-palets2-238x238-1.jpg 238w, https:\/\/reciclajesmoa.com\/wp-content\/uploads\/2023\/02\/reciclaje-palets2-238x238-1-150x150.jpg 150w\" sizes=\"auto, (max-width: 238px) 100vw, 238px\" \/><\/div>\n\t\t<\/figure>\n\t<\/div>\n\n\t<div class=\"wpb_text_column wpb_content_element\" >\n\t\t<div class=\"wpb_wrapper\">\n\t\t\t<h3><strong>Palets Sant Boi del Llobregat<\/strong><\/h3>\n\n\t\t<\/div>\n\t<\/div>\n\n\t<div class=\"wpb_text_column wpb_content_element\" >\n\t\t<div class=\"wpb_wrapper\">\n\t\t\t<p>Compra els millors palets a Sant Boi del Llobregat<\/p>\n\n\t\t<\/div>\n\t<\/div>\n<div class=\"vc_btn3-container vc_btn3-inline\" ><a class=\"vc_general vc_btn3 vc_btn3-size-md vc_btn3-shape-rounded vc_btn3-style-flat vc_btn3-color-warning\" href=\"https:\/\/reciclajesmoa.com\/ca\/palets-sant-boi-del-llobregat\/\" title=\"Venda palets Sabadell\">M\u00e9s informaci\u00f3<\/a><\/div><\/div><\/div><\/div><div class=\"wpb_column vc_column_container vc_col-sm-3\"><div class=\"vc_column-inner\"><div class=\"wpb_wrapper\">\n\t<div  class=\"wpb_single_image wpb_content_element vc_align_left\">\n\t\t\n\t\t<figure class=\"wpb_wrapper vc_figure\">\n\t\t\t<div class=\"vc_single_image-wrapper   vc_box_border_grey\"><img loading=\"lazy\" decoding=\"async\" width=\"238\" height=\"238\" src=\"https:\/\/reciclajesmoa.com\/wp-content\/uploads\/2023\/02\/palets-sant-cugat.jpg\" class=\"vc_single_image-img attachment-full\" alt=\"Palets Sant Cugat\" title=\"Palets Sant Cugat\" srcset=\"https:\/\/reciclajesmoa.com\/wp-content\/uploads\/2023\/02\/palets-sant-cugat.jpg 238w, https:\/\/reciclajesmoa.com\/wp-content\/uploads\/2023\/02\/palets-sant-cugat-150x150.jpg 150w\" sizes=\"auto, (max-width: 238px) 100vw, 238px\" \/><\/div>\n\t\t<\/figure>\n\t<\/div>\n\n\t<div class=\"wpb_text_column wpb_content_element\" >\n\t\t<div class=\"wpb_wrapper\">\n\t\t\t<h3><strong>Palets Sant Cugat<\/strong><\/h3>\n\n\t\t<\/div>\n\t<\/div>\n\n\t<div class=\"wpb_text_column wpb_content_element\" >\n\t\t<div class=\"wpb_wrapper\">\n\t\t\t<p>Comprar palets a Sant Cugat<\/p>\n\n\t\t<\/div>\n\t<\/div>\n<div class=\"vc_empty_space\"   style=\"height: 65px\"><span class=\"vc_empty_space_inner\"><\/span><\/div><div class=\"vc_btn3-container vc_btn3-inline\" ><a class=\"vc_general vc_btn3 vc_btn3-size-md vc_btn3-shape-rounded vc_btn3-style-flat vc_btn3-color-warning\" href=\"https:\/\/reciclajesmoa.com\/ca\/palets-sant-cugat\/\" title=\"Venda palets Sabadell\">M\u00e9s informaci\u00f3<\/a><\/div><\/div><\/div><\/div><div class=\"wpb_column vc_column_container vc_col-sm-3\"><div class=\"vc_column-inner\"><div class=\"wpb_wrapper\">\n\t<div  class=\"wpb_single_image wpb_content_element vc_align_left\">\n\t\t\n\t\t<figure class=\"wpb_wrapper vc_figure\">\n\t\t\t<div class=\"vc_single_image-wrapper   vc_box_border_grey\"><img loading=\"lazy\" decoding=\"async\" width=\"238\" height=\"238\" src=\"https:\/\/reciclajesmoa.com\/wp-content\/uploads\/2023\/02\/euro-pallets-1160806_640-238x238-1.jpg\" class=\"vc_single_image-img attachment-full\" alt=\"Palets Mollet\" title=\"Palets Mollet\" srcset=\"https:\/\/reciclajesmoa.com\/wp-content\/uploads\/2023\/02\/euro-pallets-1160806_640-238x238-1.jpg 238w, https:\/\/reciclajesmoa.com\/wp-content\/uploads\/2023\/02\/euro-pallets-1160806_640-238x238-1-150x150.jpg 150w\" sizes=\"auto, (max-width: 238px) 100vw, 238px\" \/><\/div>\n\t\t<\/figure>\n\t<\/div>\n\n\t<div class=\"wpb_text_column wpb_content_element\" >\n\t\t<div class=\"wpb_wrapper\">\n\t\t\t<h3><strong>Comprar palets Barber\u00e0 del Vall\u00e8s<\/strong><\/h3>\n\n\t\t<\/div>\n\t<\/div>\n\n\t<div class=\"wpb_text_column wpb_content_element\" >\n\t\t<div class=\"wpb_wrapper\">\n\t\t\t<p>Palets per a la teva empresa a Barber\u00e0<\/p>\n\n\t\t<\/div>\n\t<\/div>\n<div class=\"vc_empty_space\"   style=\"height: 25px\"><span class=\"vc_empty_space_inner\"><\/span><\/div><div class=\"vc_btn3-container vc_btn3-inline\" ><a class=\"vc_general vc_btn3 vc_btn3-size-md vc_btn3-shape-rounded vc_btn3-style-flat vc_btn3-color-warning\" href=\"https:\/\/reciclajesmoa.com\/ca\/palets-barbera-del-valles\/\" title=\"Palets Barber\u00e0 del Vall\u00e8s\">M\u00e9s informaci\u00f3<\/a><\/div><\/div><\/div><\/div><\/div><\/div><\/div><\/div><ul class=\"vc_general vc_pagination vc_pagination-style-outline vc_pagination-shape-square vc_pagination-color-black\"><li class=\"vc_pagination-item vc_active\" data-vc-tab><a href=\"#servicios\" class=\"vc_pagination-trigger\" data-vc-tabs data-vc-container=\".vc_tta\"><\/a><\/li><li class=\"vc_pagination-item\" data-vc-tab><a href=\"#servicios2\" class=\"vc_pagination-trigger\" data-vc-tabs data-vc-container=\".vc_tta\"><\/a><\/li><li class=\"vc_pagination-item\" data-vc-tab><a href=\"#servicios3\" class=\"vc_pagination-trigger\" data-vc-tabs data-vc-container=\".vc_tta\"><\/a><\/li><li class=\"vc_pagination-item\" data-vc-tab><a href=\"#servicios4\" class=\"vc_pagination-trigger\" data-vc-tabs data-vc-container=\".vc_tta\"><\/a><\/li><li class=\"vc_pagination-item\" data-vc-tab><a href=\"#servicios5\" class=\"vc_pagination-trigger\" data-vc-tabs data-vc-container=\".vc_tta\"><\/a><\/li><\/ul><\/div><\/div><\/div><div class=\"vc_empty_space\"   style=\"height: 32px\"><span class=\"vc_empty_space_inner\"><\/span><\/div><\/div><\/div><\/div><\/div><div class=\"vc_row wpb_row vc_row-fluid wpb_animate_when_almost_visible wpb_fadeInUp fadeInUp\"><div class=\"wpb_column vc_column_container vc_col-sm-12 vc_hidden-lg vc_hidden-md\"><div class=\"vc_column-inner\"><div class=\"wpb_wrapper\">\n\t<div class=\"wpb_text_column wpb_content_element\" >\n\t\t<div class=\"wpb_wrapper\">\n\t\t\t<h3 style=\"font-size: 40px;\"><span style=\"color: #152438;\">SERVEIS<\/span><span style=\"color: #fab90a;\"> PRINCIPALS<\/span><\/h3>\n\n\t\t<\/div>\n\t<\/div>\n<div class=\"vc_tta-container\" data-vc-action=\"collapse\" data-vc-tta-autoplay=\"{&quot;delay&quot;:10000}\"><div class=\"vc_general vc_tta vc_tta-tabs vc_tta-color-white vc_tta-style-flat vc_tta-shape-rounded vc_tta-spacing-1 vc_tta-has-pagination vc_tta-tabs-position-top vc_tta-controls-align-center vc_custom_1677500994259\"><div class=\"vc_tta-tabs-container\"><ul class=\"vc_tta-tabs-list\"><li class=\"vc_tta-tab vc_active\" data-vc-tab><a href=\"#1677503821424-e8b9f12f-01c3\" data-vc-tabs data-vc-container=\".vc_tta\"><span class=\"vc_tta-title-text\"><\/span><\/a><\/li><li class=\"vc_tta-tab\" data-vc-tab><a href=\"#1677503822890-09c2c418-9009\" data-vc-tabs data-vc-container=\".vc_tta\"><span class=\"vc_tta-title-text\"><\/span><\/a><\/li><li class=\"vc_tta-tab\" data-vc-tab><a href=\"#1677503825912-aa86f01b-718c\" data-vc-tabs data-vc-container=\".vc_tta\"><span class=\"vc_tta-title-text\"><\/span><\/a><\/li><li class=\"vc_tta-tab\" data-vc-tab><a href=\"#1677503831880-bb26610e-93ed\" data-vc-tabs data-vc-container=\".vc_tta\"><span class=\"vc_tta-title-text\"><\/span><\/a><\/li><li class=\"vc_tta-tab\" data-vc-tab><a href=\"#1677503841767-55a0a7db-059c\" data-vc-tabs data-vc-container=\".vc_tta\"><span class=\"vc_tta-title-text\"><\/span><\/a><\/li><\/ul><\/div><div class=\"vc_tta-panels-container\"><div class=\"vc_tta-panels\"><div class=\"vc_tta-panel vc_active\" id=\"1677503821424-e8b9f12f-01c3\" data-vc-content=\".vc_tta-panel-body\"><div class=\"vc_tta-panel-heading\"><h4 class=\"vc_tta-panel-title\"><a href=\"#1677503821424-e8b9f12f-01c3\" data-vc-accordion data-vc-container=\".vc_tta-container\"><span class=\"vc_tta-title-text\"><\/span><\/a><\/h4><\/div><div class=\"vc_tta-panel-body\"><div class=\"vc_row wpb_row vc_inner vc_row-fluid\"><div class=\"wpb_column vc_column_container vc_col-sm-3\"><div class=\"vc_column-inner\"><div class=\"wpb_wrapper\">\n\t<div  class=\"wpb_single_image wpb_content_element vc_align_left\">\n\t\t\n\t\t<figure class=\"wpb_wrapper vc_figure\">\n\t\t\t<div class=\"vc_single_image-wrapper   vc_box_border_grey\"><img loading=\"lazy\" decoding=\"async\" width=\"240\" height=\"240\" src=\"https:\/\/reciclajesmoa.com\/wp-content\/uploads\/2023\/02\/palets.png\" class=\"vc_single_image-img attachment-full\" alt=\"Comprar palets\" title=\"Venda de Palets\" srcset=\"https:\/\/reciclajesmoa.com\/wp-content\/uploads\/2023\/02\/palets.png 240w, https:\/\/reciclajesmoa.com\/wp-content\/uploads\/2023\/02\/palets-150x150.png 150w\" sizes=\"auto, (max-width: 240px) 100vw, 240px\" \/><\/div>\n\t\t<\/figure>\n\t<\/div>\n\n\t<div class=\"wpb_text_column wpb_content_element\" >\n\t\t<div class=\"wpb_wrapper\">\n\t\t\t<h3><strong>Venda de Palets<\/strong><\/h3>\n\n\t\t<\/div>\n\t<\/div>\n\n\t<div class=\"wpb_text_column wpb_content_element\" >\n\t\t<div class=\"wpb_wrapper\">\n\t\t\t<p>Descobreix el nostre principal servei i de m\u00e0xima qualitat.<\/p>\n\n\t\t<\/div>\n\t<\/div>\n<div class=\"vc_btn3-container vc_btn3-inline\" ><a class=\"vc_general vc_btn3 vc_btn3-size-md vc_btn3-shape-rounded vc_btn3-style-flat vc_btn3-color-warning\" href=\"https:\/\/reciclajesmoa.com\/ca\/venta-de-palets\/\" title=\"\">M\u00e9s informaci\u00f3<\/a><\/div><\/div><\/div><\/div><div class=\"wpb_column vc_column_container vc_col-sm-3\"><div class=\"vc_column-inner\"><div class=\"wpb_wrapper\">\n\t<div  class=\"wpb_single_image wpb_content_element vc_align_left\">\n\t\t\n\t\t<figure class=\"wpb_wrapper vc_figure\">\n\t\t\t<div class=\"vc_single_image-wrapper   vc_box_border_grey\"><img loading=\"lazy\" decoding=\"async\" width=\"238\" height=\"238\" src=\"https:\/\/reciclajesmoa.com\/wp-content\/uploads\/2023\/02\/pallets-1523553_1280-238x238-1.jpg\" class=\"vc_single_image-img attachment-full\" alt=\"Venta de Palets Barcelona\" title=\"Venda de Palets Barcelona\" srcset=\"https:\/\/reciclajesmoa.com\/wp-content\/uploads\/2023\/02\/pallets-1523553_1280-238x238-1.jpg 238w, https:\/\/reciclajesmoa.com\/wp-content\/uploads\/2023\/02\/pallets-1523553_1280-238x238-1-150x150.jpg 150w\" sizes=\"auto, (max-width: 238px) 100vw, 238px\" \/><\/div>\n\t\t<\/figure>\n\t<\/div>\n\n\t<div class=\"wpb_text_column wpb_content_element\" >\n\t\t<div class=\"wpb_wrapper\">\n\t\t\t<h3><strong>Venda de Palets Barcelona<\/strong><\/h3>\n\n\t\t<\/div>\n\t<\/div>\n\n\t<div class=\"wpb_text_column wpb_content_element\" >\n\t\t<div class=\"wpb_wrapper\">\n\t\t\t<p>Empresa principal de Barcelona en venda de palets de fusta<\/p>\n\n\t\t<\/div>\n\t<\/div>\n<div class=\"vc_btn3-container vc_btn3-inline\" ><a class=\"vc_general vc_btn3 vc_btn3-size-md vc_btn3-shape-rounded vc_btn3-style-flat vc_btn3-color-warning\" href=\"https:\/\/reciclajesmoa.com\/ca\/venta-de-palets\/venta-de-palets-barcelona\/\" title=\"Venda palets Sabadell\">M\u00e9s informaci\u00f3<\/a><\/div><\/div><\/div><\/div><div class=\"wpb_column vc_column_container vc_col-sm-3\"><div class=\"vc_column-inner\"><div class=\"wpb_wrapper\">\n\t<div  class=\"wpb_single_image wpb_content_element vc_align_left\">\n\t\t\n\t\t<figure class=\"wpb_wrapper vc_figure\">\n\t\t\t<div class=\"vc_single_image-wrapper   vc_box_border_grey\"><img loading=\"lazy\" decoding=\"async\" width=\"238\" height=\"238\" src=\"https:\/\/reciclajesmoa.com\/wp-content\/uploads\/2023\/02\/carretilla-palets-moa-1024x683-min-238x238-1.jpg\" class=\"vc_single_image-img attachment-full\" alt=\"Venta de Palets Sabadell\" title=\"Venda de Palets Sabadell\" srcset=\"https:\/\/reciclajesmoa.com\/wp-content\/uploads\/2023\/02\/carretilla-palets-moa-1024x683-min-238x238-1.jpg 238w, https:\/\/reciclajesmoa.com\/wp-content\/uploads\/2023\/02\/carretilla-palets-moa-1024x683-min-238x238-1-150x150.jpg 150w\" sizes=\"auto, (max-width: 238px) 100vw, 238px\" \/><\/div>\n\t\t<\/figure>\n\t<\/div>\n\n\t<div class=\"wpb_text_column wpb_content_element\" >\n\t\t<div class=\"wpb_wrapper\">\n\t\t\t<h3><strong>Venda de Palets Sabadell<\/strong><\/h3>\n\n\t\t<\/div>\n\t<\/div>\n\n\t<div class=\"wpb_text_column wpb_content_element\" >\n\t\t<div class=\"wpb_wrapper\">\n\t\t\t<p>Servei de venda de palets de fusta al millor preu<\/p>\n\n\t\t<\/div>\n\t<\/div>\n<div class=\"vc_btn3-container vc_btn3-inline\" ><a class=\"vc_general vc_btn3 vc_btn3-size-md vc_btn3-shape-rounded vc_btn3-style-flat vc_btn3-color-warning\" href=\"https:\/\/reciclajesmoa.com\/ca\/venta-palets-sabadell\/\" title=\"Venda palets Sabadell\">M\u00e9s informaci\u00f3<\/a><\/div><\/div><\/div><\/div><div class=\"wpb_column vc_column_container vc_col-sm-3\"><div class=\"vc_column-inner\"><div class=\"wpb_wrapper\">\n\t<div  class=\"wpb_single_image wpb_content_element vc_align_left\">\n\t\t\n\t\t<figure class=\"wpb_wrapper vc_figure\">\n\t\t\t<div class=\"vc_single_image-wrapper   vc_box_border_grey\"><img loading=\"lazy\" decoding=\"async\" width=\"238\" height=\"238\" src=\"https:\/\/reciclajesmoa.com\/wp-content\/uploads\/2023\/02\/euro-pallets-1386517_1280-238x238-1.jpg\" class=\"vc_single_image-img attachment-full\" alt=\"Compra venta de palets\" title=\"Compra venda de palets\" srcset=\"https:\/\/reciclajesmoa.com\/wp-content\/uploads\/2023\/02\/euro-pallets-1386517_1280-238x238-1.jpg 238w, https:\/\/reciclajesmoa.com\/wp-content\/uploads\/2023\/02\/euro-pallets-1386517_1280-238x238-1-150x150.jpg 150w\" sizes=\"auto, (max-width: 238px) 100vw, 238px\" \/><\/div>\n\t\t<\/figure>\n\t<\/div>\n\n\t<div class=\"wpb_text_column wpb_content_element\" >\n\t\t<div class=\"wpb_wrapper\">\n\t\t\t<h3><strong>Compra venda de palets<\/strong><\/h3>\n\n\t\t<\/div>\n\t<\/div>\n\n\t<div class=\"wpb_text_column wpb_content_element\" >\n\t\t<div class=\"wpb_wrapper\">\n\t\t\t<p>Servei de compra venda de palets al millor preu<\/p>\n\n\t\t<\/div>\n\t<\/div>\n<div class=\"vc_btn3-container vc_btn3-inline\" ><a class=\"vc_general vc_btn3 vc_btn3-size-md vc_btn3-shape-rounded vc_btn3-style-flat vc_btn3-color-warning\" href=\"https:\/\/reciclajesmoa.com\/ca\/compra-venta-de-palets\/\" title=\"\">M\u00e9s informaci\u00f3<\/a><\/div><\/div><\/div><\/div><\/div><\/div><\/div><div class=\"vc_tta-panel\" id=\"1677503822890-09c2c418-9009\" data-vc-content=\".vc_tta-panel-body\"><div class=\"vc_tta-panel-heading\"><h4 class=\"vc_tta-panel-title\"><a href=\"#1677503822890-09c2c418-9009\" data-vc-accordion data-vc-container=\".vc_tta-container\"><span class=\"vc_tta-title-text\"><\/span><\/a><\/h4><\/div><div class=\"vc_tta-panel-body\"><div class=\"vc_row wpb_row vc_inner vc_row-fluid\"><div class=\"wpb_column vc_column_container vc_col-sm-3\"><div class=\"vc_column-inner\"><div class=\"wpb_wrapper\">\n\t<div  class=\"wpb_single_image wpb_content_element vc_align_left\">\n\t\t\n\t\t<figure class=\"wpb_wrapper vc_figure\">\n\t\t\t<div class=\"vc_single_image-wrapper   vc_box_border_grey\"><\/div>\n\t\t<\/figure>\n\t<\/div>\n\n\t<div class=\"wpb_text_column wpb_content_element\" >\n\t\t<div class=\"wpb_wrapper\">\n\t\t\t<h3><strong>Compra venda de palets Barcelona<\/strong><\/h3>\n\n\t\t<\/div>\n\t<\/div>\n\n\t<div class=\"wpb_text_column wpb_content_element\" >\n\t\t<div class=\"wpb_wrapper\">\n\t\t\t<p>Servei de qualitat a Barcelona<\/p>\n\n\t\t<\/div>\n\t<\/div>\n<div class=\"vc_btn3-container vc_btn3-inline\" ><a class=\"vc_general vc_btn3 vc_btn3-size-md vc_btn3-shape-rounded vc_btn3-style-flat vc_btn3-color-warning\" href=\"https:\/\/reciclajesmoa.com\/ca\/compra-venta-de-palets\/compra-venta-de-palets-barcelona\/\" title=\"Compra venda de palets Barcelona\">M\u00e9s informaci\u00f3<\/a><\/div><\/div><\/div><\/div><div class=\"wpb_column vc_column_container vc_col-sm-3\"><div class=\"vc_column-inner\"><div class=\"wpb_wrapper\">\n\t<div  class=\"wpb_single_image wpb_content_element vc_align_left\">\n\t\t\n\t\t<figure class=\"wpb_wrapper vc_figure\">\n\t\t\t<div class=\"vc_single_image-wrapper   vc_box_border_grey\"><img loading=\"lazy\" decoding=\"async\" width=\"238\" height=\"238\" src=\"https:\/\/reciclajesmoa.com\/wp-content\/uploads\/2023\/02\/pallets-3714502_1280-238x238-1.jpg\" class=\"vc_single_image-img attachment-full\" alt=\"Compra venta de palets Montcada\" title=\"Compra venda de palets Montcada\" srcset=\"https:\/\/reciclajesmoa.com\/wp-content\/uploads\/2023\/02\/pallets-3714502_1280-238x238-1.jpg 238w, https:\/\/reciclajesmoa.com\/wp-content\/uploads\/2023\/02\/pallets-3714502_1280-238x238-1-150x150.jpg 150w\" sizes=\"auto, (max-width: 238px) 100vw, 238px\" \/><\/div>\n\t\t<\/figure>\n\t<\/div>\n\n\t<div class=\"wpb_text_column wpb_content_element\" >\n\t\t<div class=\"wpb_wrapper\">\n\t\t\t<h3><strong>Compra venda de palets Montcada<\/strong><\/h3>\n\n\t\t<\/div>\n\t<\/div>\n\n\t<div class=\"wpb_text_column wpb_content_element\" >\n\t\t<div class=\"wpb_wrapper\">\n\t\t\t<p>Servei reeixit en la compra venda de palets<\/p>\n\n\t\t<\/div>\n\t<\/div>\n<div class=\"vc_btn3-container vc_btn3-inline\" ><a class=\"vc_general vc_btn3 vc_btn3-size-md vc_btn3-shape-rounded vc_btn3-style-flat vc_btn3-color-warning\" href=\"https:\/\/reciclajesmoa.com\/ca\/compra-venta-de-palets\/compra-venta-de-palets-montcada\/\" title=\"Venda palets Sabadell\">M\u00e9s informaci\u00f3<\/a><\/div><\/div><\/div><\/div><div class=\"wpb_column vc_column_container vc_col-sm-3\"><div class=\"vc_column-inner\"><div class=\"wpb_wrapper\">\n\t<div  class=\"wpb_single_image wpb_content_element vc_align_left\">\n\t\t\n\t\t<figure class=\"wpb_wrapper vc_figure\">\n\t\t\t<div class=\"vc_single_image-wrapper   vc_box_border_grey\"><img loading=\"lazy\" decoding=\"async\" width=\"238\" height=\"238\" src=\"https:\/\/reciclajesmoa.com\/wp-content\/uploads\/2023\/02\/palets-barcelona-1-238x238-1.jpg\" class=\"vc_single_image-img attachment-full\" alt=\"Compra venta de palets Sabadell\" title=\"Compra venda de palets Sabadell\" srcset=\"https:\/\/reciclajesmoa.com\/wp-content\/uploads\/2023\/02\/palets-barcelona-1-238x238-1.jpg 238w, https:\/\/reciclajesmoa.com\/wp-content\/uploads\/2023\/02\/palets-barcelona-1-238x238-1-150x150.jpg 150w\" sizes=\"auto, (max-width: 238px) 100vw, 238px\" \/><\/div>\n\t\t<\/figure>\n\t<\/div>\n\n\t<div class=\"wpb_text_column wpb_content_element\" >\n\t\t<div class=\"wpb_wrapper\">\n\t\t\t<h3><strong>Compra venda de palets Sabadell<\/strong><\/h3>\n\n\t\t<\/div>\n\t<\/div>\n\n\t<div class=\"wpb_text_column wpb_content_element\" >\n\t\t<div class=\"wpb_wrapper\">\n\t\t\t<p>Empresa l\u00edder al sector de la compra i venda de palets<\/p>\n\n\t\t<\/div>\n\t<\/div>\n<div class=\"vc_btn3-container vc_btn3-inline\" ><a class=\"vc_general vc_btn3 vc_btn3-size-md vc_btn3-shape-rounded vc_btn3-style-flat vc_btn3-color-warning\" href=\"https:\/\/reciclajesmoa.com\/ca\/compra-venta-de-palets\/compra-venta-de-palets-sabadell\/\" title=\"Venda palets Sabadell\">M\u00e9s informaci\u00f3<\/a><\/div><\/div><\/div><\/div><div class=\"wpb_column vc_column_container vc_col-sm-3\"><div class=\"vc_column-inner\"><div class=\"wpb_wrapper\">\n\t<div  class=\"wpb_single_image wpb_content_element vc_align_left\">\n\t\t\n\t\t<figure class=\"wpb_wrapper vc_figure\">\n\t\t\t<div class=\"vc_single_image-wrapper   vc_box_border_grey\"><img loading=\"lazy\" decoding=\"async\" width=\"238\" height=\"238\" src=\"https:\/\/reciclajesmoa.com\/wp-content\/uploads\/2023\/02\/palets-barcelona.jpg\" class=\"vc_single_image-img attachment-full\" alt=\"Palets Barcelona\" title=\"Palets Barcelona\" srcset=\"https:\/\/reciclajesmoa.com\/wp-content\/uploads\/2023\/02\/palets-barcelona.jpg 238w, https:\/\/reciclajesmoa.com\/wp-content\/uploads\/2023\/02\/palets-barcelona-150x150.jpg 150w\" sizes=\"auto, (max-width: 238px) 100vw, 238px\" \/><\/div>\n\t\t<\/figure>\n\t<\/div>\n\n\t<div class=\"wpb_text_column wpb_content_element\" >\n\t\t<div class=\"wpb_wrapper\">\n\t\t\t<h3><strong>Palets Barcelona<\/strong><\/h3>\n\n\t\t<\/div>\n\t<\/div>\n\n\t<div class=\"wpb_text_column wpb_content_element\" >\n\t\t<div class=\"wpb_wrapper\">\n\t\t\t<p>Disseny i fabricaci\u00f3 de palets a Barcelona<\/p>\n\n\t\t<\/div>\n\t<\/div>\n<div class=\"vc_btn3-container vc_btn3-inline\" ><a class=\"vc_general vc_btn3 vc_btn3-size-md vc_btn3-shape-rounded vc_btn3-style-flat vc_btn3-color-warning\" href=\"https:\/\/reciclajesmoa.com\/ca\/palets-barcelona\/\" title=\"Palets Barcelona\">M\u00e9s informaci\u00f3<\/a><\/div><\/div><\/div><\/div><\/div><\/div><\/div><div class=\"vc_tta-panel\" id=\"1677503825912-aa86f01b-718c\" data-vc-content=\".vc_tta-panel-body\"><div class=\"vc_tta-panel-heading\"><h4 class=\"vc_tta-panel-title\"><a href=\"#1677503825912-aa86f01b-718c\" data-vc-accordion data-vc-container=\".vc_tta-container\"><span class=\"vc_tta-title-text\"><\/span><\/a><\/h4><\/div><div class=\"vc_tta-panel-body\"><div class=\"vc_row wpb_row vc_inner vc_row-fluid\"><div class=\"wpb_column vc_column_container vc_col-sm-3\"><div class=\"vc_column-inner\"><div class=\"wpb_wrapper\">\n\t<div  class=\"wpb_single_image wpb_content_element vc_align_left\">\n\t\t\n\t\t<figure class=\"wpb_wrapper vc_figure\">\n\t\t\t<div class=\"vc_single_image-wrapper   vc_box_border_grey\"><img loading=\"lazy\" decoding=\"async\" width=\"238\" height=\"238\" src=\"https:\/\/reciclajesmoa.com\/wp-content\/uploads\/2023\/02\/texture-956764_640-1-238x238-1.jpg\" class=\"vc_single_image-img attachment-full\" alt=\"Palets Cerdanyola\" title=\"Palets Cerdanyola\" srcset=\"https:\/\/reciclajesmoa.com\/wp-content\/uploads\/2023\/02\/texture-956764_640-1-238x238-1.jpg 238w, https:\/\/reciclajesmoa.com\/wp-content\/uploads\/2023\/02\/texture-956764_640-1-238x238-1-150x150.jpg 150w\" sizes=\"auto, (max-width: 238px) 100vw, 238px\" \/><\/div>\n\t\t<\/figure>\n\t<\/div>\n\n\t<div class=\"wpb_text_column wpb_content_element\" >\n\t\t<div class=\"wpb_wrapper\">\n\t\t\t<h3><strong>Palets Cerdanyola<\/strong><\/h3>\n\n\t\t<\/div>\n\t<\/div>\n\n\t<div class=\"wpb_text_column wpb_content_element\" >\n\t\t<div class=\"wpb_wrapper\">\n\t\t\t<p>La millor selecci\u00f3 de palets a Cerdanyola<\/p>\n\n\t\t<\/div>\n\t<\/div>\n<div class=\"vc_btn3-container vc_btn3-inline\" ><a class=\"vc_general vc_btn3 vc_btn3-size-md vc_btn3-shape-rounded vc_btn3-style-flat vc_btn3-color-warning\" href=\"https:\/\/reciclajesmoa.com\/ca\/palets-cerdanyola\/\" title=\"Palets Cerdanyola\">M\u00e9s informaci\u00f3<\/a><\/div><\/div><\/div><\/div><div class=\"wpb_column vc_column_container vc_col-sm-3\"><div class=\"vc_column-inner\"><div class=\"wpb_wrapper\">\n\t<div  class=\"wpb_single_image wpb_content_element vc_align_left\">\n\t\t\n\t\t<figure class=\"wpb_wrapper vc_figure\">\n\t\t\t<div class=\"vc_single_image-wrapper   vc_box_border_grey\"><img loading=\"lazy\" decoding=\"async\" width=\"238\" height=\"238\" src=\"https:\/\/reciclajesmoa.com\/wp-content\/uploads\/2023\/02\/background-21501_640-238x238-1.jpg\" class=\"vc_single_image-img attachment-full\" alt=\"Palets Sabadell\" title=\"Palets Sabadell\" srcset=\"https:\/\/reciclajesmoa.com\/wp-content\/uploads\/2023\/02\/background-21501_640-238x238-1.jpg 238w, https:\/\/reciclajesmoa.com\/wp-content\/uploads\/2023\/02\/background-21501_640-238x238-1-150x150.jpg 150w\" sizes=\"auto, (max-width: 238px) 100vw, 238px\" \/><\/div>\n\t\t<\/figure>\n\t<\/div>\n\n\t<div class=\"wpb_text_column wpb_content_element\" >\n\t\t<div class=\"wpb_wrapper\">\n\t\t\t<h3><strong>Palets Sabadell<\/strong><\/h3>\n\n\t\t<\/div>\n\t<\/div>\n\n\t<div class=\"wpb_text_column wpb_content_element\" >\n\t\t<div class=\"wpb_wrapper\">\n\t\t\t<p>Aconsegueix els millors palets a Sabadell<\/p>\n\n\t\t<\/div>\n\t<\/div>\n<div class=\"vc_btn3-container vc_btn3-inline\" ><a class=\"vc_general vc_btn3 vc_btn3-size-md vc_btn3-shape-rounded vc_btn3-style-flat vc_btn3-color-warning\" href=\"https:\/\/reciclajesmoa.com\/ca\/palets-sabadell-2\/\" title=\"Venda palets Sabadell\">M\u00e9s informaci\u00f3<\/a><\/div><\/div><\/div><\/div><div class=\"wpb_column vc_column_container vc_col-sm-3\"><div class=\"vc_column-inner\"><div class=\"wpb_wrapper\">\n\t<div  class=\"wpb_single_image wpb_content_element vc_align_left\">\n\t\t\n\t\t<figure class=\"wpb_wrapper vc_figure\">\n\t\t\t<div class=\"vc_single_image-wrapper   vc_box_border_grey\"><img loading=\"lazy\" decoding=\"async\" width=\"238\" height=\"238\" src=\"https:\/\/reciclajesmoa.com\/wp-content\/uploads\/2023\/02\/compra2-238x238-1.jpg\" class=\"vc_single_image-img attachment-full\" alt=\"Palets Granollers\" title=\"Palets Granollers\" srcset=\"https:\/\/reciclajesmoa.com\/wp-content\/uploads\/2023\/02\/compra2-238x238-1.jpg 238w, https:\/\/reciclajesmoa.com\/wp-content\/uploads\/2023\/02\/compra2-238x238-1-150x150.jpg 150w\" sizes=\"auto, (max-width: 238px) 100vw, 238px\" \/><\/div>\n\t\t<\/figure>\n\t<\/div>\n\n\t<div class=\"wpb_text_column wpb_content_element\" >\n\t\t<div class=\"wpb_wrapper\">\n\t\t\t<h3><strong>Palets Granollers<\/strong><\/h3>\n\n\t\t<\/div>\n\t<\/div>\n\n\t<div class=\"wpb_text_column wpb_content_element\" >\n\t\t<div class=\"wpb_wrapper\">\n\t\t\t<p>Palets per a la teva empresa a Granollers<\/p>\n\n\t\t<\/div>\n\t<\/div>\n<div class=\"vc_btn3-container vc_btn3-inline\" ><a class=\"vc_general vc_btn3 vc_btn3-size-md vc_btn3-shape-rounded vc_btn3-style-flat vc_btn3-color-warning\" href=\"https:\/\/reciclajesmoa.com\/ca\/palets-granollers\/\" title=\"Venda palets Sabadell\">M\u00e9s informaci\u00f3<\/a><\/div><\/div><\/div><\/div><div class=\"wpb_column vc_column_container vc_col-sm-3\"><div class=\"vc_column-inner\"><div class=\"wpb_wrapper\">\n\t<div  class=\"wpb_single_image wpb_content_element vc_align_left\">\n\t\t\n\t\t<figure class=\"wpb_wrapper vc_figure\">\n\t\t\t<div class=\"vc_single_image-wrapper   vc_box_border_grey\"><img loading=\"lazy\" decoding=\"async\" width=\"238\" height=\"238\" src=\"https:\/\/reciclajesmoa.com\/wp-content\/uploads\/2023\/02\/euro-pallets-1160806_640-238x238-1.jpg\" class=\"vc_single_image-img attachment-full\" alt=\"Palets Mollet\" title=\"Palets Mollet\" srcset=\"https:\/\/reciclajesmoa.com\/wp-content\/uploads\/2023\/02\/euro-pallets-1160806_640-238x238-1.jpg 238w, https:\/\/reciclajesmoa.com\/wp-content\/uploads\/2023\/02\/euro-pallets-1160806_640-238x238-1-150x150.jpg 150w\" sizes=\"auto, (max-width: 238px) 100vw, 238px\" \/><\/div>\n\t\t<\/figure>\n\t<\/div>\n\n\t<div class=\"wpb_text_column wpb_content_element\" >\n\t\t<div class=\"wpb_wrapper\">\n\t\t\t<h3><strong>Palets Mollet<\/strong><\/h3>\n\n\t\t<\/div>\n\t<\/div>\n\n\t<div class=\"wpb_text_column wpb_content_element\" >\n\t\t<div class=\"wpb_wrapper\">\n\t\t\t<p>Els millors palets per a la teva empresa a Mollet<\/p>\n\n\t\t<\/div>\n\t<\/div>\n<div class=\"vc_btn3-container vc_btn3-inline\" ><a class=\"vc_general vc_btn3 vc_btn3-size-md vc_btn3-shape-rounded vc_btn3-style-flat vc_btn3-color-warning\" href=\"https:\/\/reciclajesmoa.com\/ca\/palets-mollet\/\" title=\"Palets Mollet\">M\u00e9s informaci\u00f3<\/a><\/div><\/div><\/div><\/div><\/div><\/div><\/div><div class=\"vc_tta-panel\" id=\"1677503831880-bb26610e-93ed\" data-vc-content=\".vc_tta-panel-body\"><div class=\"vc_tta-panel-heading\"><h4 class=\"vc_tta-panel-title\"><a href=\"#1677503831880-bb26610e-93ed\" data-vc-accordion data-vc-container=\".vc_tta-container\"><span class=\"vc_tta-title-text\"><\/span><\/a><\/h4><\/div><div class=\"vc_tta-panel-body\"><div class=\"vc_row wpb_row vc_inner vc_row-fluid\"><div class=\"wpb_column vc_column_container vc_col-sm-3\"><div class=\"vc_column-inner\"><div class=\"wpb_wrapper\">\n\t<div  class=\"wpb_single_image wpb_content_element vc_align_left\">\n\t\t\n\t\t<figure class=\"wpb_wrapper vc_figure\">\n\t\t\t<div class=\"vc_single_image-wrapper   vc_box_border_grey\"><img loading=\"lazy\" decoding=\"async\" width=\"238\" height=\"238\" src=\"https:\/\/reciclajesmoa.com\/wp-content\/uploads\/2023\/02\/euro-pallets-1150267_640-1-238x238-1.jpg\" class=\"vc_single_image-img attachment-full\" alt=\"Palets Terrassa\" title=\"Palets Terrassa\" srcset=\"https:\/\/reciclajesmoa.com\/wp-content\/uploads\/2023\/02\/euro-pallets-1150267_640-1-238x238-1.jpg 238w, https:\/\/reciclajesmoa.com\/wp-content\/uploads\/2023\/02\/euro-pallets-1150267_640-1-238x238-1-150x150.jpg 150w\" sizes=\"auto, (max-width: 238px) 100vw, 238px\" \/><\/div>\n\t\t<\/figure>\n\t<\/div>\n\n\t<div class=\"wpb_text_column wpb_content_element\" >\n\t\t<div class=\"wpb_wrapper\">\n\t\t\t<h3><strong>Palets Terrassa<\/strong><\/h3>\n\n\t\t<\/div>\n\t<\/div>\n\n\t<div class=\"wpb_text_column wpb_content_element\" >\n\t\t<div class=\"wpb_wrapper\">\n\t\t\t<p>Palets fets a mida a Terrassa<\/p>\n\n\t\t<\/div>\n\t<\/div>\n<div class=\"vc_btn3-container vc_btn3-inline\" ><a class=\"vc_general vc_btn3 vc_btn3-size-md vc_btn3-shape-rounded vc_btn3-style-flat vc_btn3-color-warning\" href=\"https:\/\/reciclajesmoa.com\/ca\/palets-terrassa\/\" title=\"Venda palets Terrassa\">M\u00e9s informaci\u00f3<\/a><\/div><\/div><\/div><\/div><div class=\"wpb_column vc_column_container vc_col-sm-3\"><div class=\"vc_column-inner\"><div class=\"wpb_wrapper\">\n\t<div  class=\"wpb_single_image wpb_content_element vc_align_left\">\n\t\t\n\t\t<figure class=\"wpb_wrapper vc_figure\">\n\t\t\t<div class=\"vc_single_image-wrapper   vc_box_border_grey\"><img loading=\"lazy\" decoding=\"async\" width=\"240\" height=\"240\" src=\"https:\/\/reciclajesmoa.com\/wp-content\/uploads\/2023\/02\/palets.png\" class=\"vc_single_image-img attachment-full\" alt=\"Comprar palets\" title=\"Venda de Palets\" srcset=\"https:\/\/reciclajesmoa.com\/wp-content\/uploads\/2023\/02\/palets.png 240w, https:\/\/reciclajesmoa.com\/wp-content\/uploads\/2023\/02\/palets-150x150.png 150w\" sizes=\"auto, (max-width: 240px) 100vw, 240px\" \/><\/div>\n\t\t<\/figure>\n\t<\/div>\n\n\t<div class=\"wpb_text_column wpb_content_element\" >\n\t\t<div class=\"wpb_wrapper\">\n\t\t\t<h3><strong>Comprar palets<\/strong><\/h3>\n\n\t\t<\/div>\n\t<\/div>\n\n\t<div class=\"wpb_text_column wpb_content_element\" >\n\t\t<div class=\"wpb_wrapper\">\n\t\t\t<p>Compra els millors palets a Reciclatges Moa<\/p>\n\n\t\t<\/div>\n\t<\/div>\n<div class=\"vc_btn3-container vc_btn3-inline\" ><a class=\"vc_general vc_btn3 vc_btn3-size-md vc_btn3-shape-rounded vc_btn3-style-flat vc_btn3-color-warning\" href=\"https:\/\/reciclajesmoa.com\/ca\/comprar-palets\/\" title=\"Venda palets Sabadell\">M\u00e9s informaci\u00f3<\/a><\/div><\/div><\/div><\/div><div class=\"wpb_column vc_column_container vc_col-sm-3\"><div class=\"vc_column-inner\"><div class=\"wpb_wrapper\">\n\t<div  class=\"wpb_single_image wpb_content_element vc_align_left\">\n\t\t\n\t\t<figure class=\"wpb_wrapper vc_figure\">\n\t\t\t<div class=\"vc_single_image-wrapper   vc_box_border_grey\"><img loading=\"lazy\" decoding=\"async\" width=\"2000\" height=\"1414\" src=\"https:\/\/reciclajesmoa.com\/wp-content\/uploads\/2022\/12\/palets-333.jpg\" class=\"vc_single_image-img attachment-full\" alt=\"palets\" title=\"palets\" srcset=\"https:\/\/reciclajesmoa.com\/wp-content\/uploads\/2022\/12\/palets-333.jpg 2000w, https:\/\/reciclajesmoa.com\/wp-content\/uploads\/2022\/12\/palets-333-300x212.jpg 300w, https:\/\/reciclajesmoa.com\/wp-content\/uploads\/2022\/12\/palets-333-1024x724.jpg 1024w, https:\/\/reciclajesmoa.com\/wp-content\/uploads\/2022\/12\/palets-333-768x543.jpg 768w, https:\/\/reciclajesmoa.com\/wp-content\/uploads\/2022\/12\/palets-333-1536x1086.jpg 1536w\" sizes=\"auto, (max-width: 2000px) 100vw, 2000px\" \/><\/div>\n\t\t<\/figure>\n\t<\/div>\n\n\t<div class=\"wpb_text_column wpb_content_element\" >\n\t\t<div class=\"wpb_wrapper\">\n\t\t\t<h3><strong>Comprar palets Barcelona<\/strong><\/h3>\n\n\t\t<\/div>\n\t<\/div>\n\n\t<div class=\"wpb_text_column wpb_content_element\" >\n\t\t<div class=\"wpb_wrapper\">\n\t\t\t<p>Comprar palets a Barcelona<\/p>\n\n\t\t<\/div>\n\t<\/div>\n<div class=\"vc_btn3-container vc_btn3-inline\" ><a class=\"vc_general vc_btn3 vc_btn3-size-md vc_btn3-shape-rounded vc_btn3-style-flat vc_btn3-color-warning\" href=\"https:\/\/reciclajesmoa.com\/ca\/comprar-palets\/comprar-palets-barcelona\/\" title=\"Venda palets Sabadell\">M\u00e9s informaci\u00f3<\/a><\/div><\/div><\/div><\/div><div class=\"wpb_column vc_column_container vc_col-sm-3\"><div class=\"vc_column-inner\"><div class=\"wpb_wrapper\">\n\t<div  class=\"wpb_single_image wpb_content_element vc_align_left\">\n\t\t\n\t\t<figure class=\"wpb_wrapper vc_figure\">\n\t\t\t<div class=\"vc_single_image-wrapper   vc_box_border_grey\"><img loading=\"lazy\" decoding=\"async\" width=\"238\" height=\"238\" src=\"https:\/\/reciclajesmoa.com\/wp-content\/uploads\/2023\/02\/building-1688085_640-238x238-1.jpg\" class=\"vc_single_image-img attachment-full\" alt=\"Comprar palets Sabadell\" title=\"Comprar palets Sabadell\" srcset=\"https:\/\/reciclajesmoa.com\/wp-content\/uploads\/2023\/02\/building-1688085_640-238x238-1.jpg 238w, https:\/\/reciclajesmoa.com\/wp-content\/uploads\/2023\/02\/building-1688085_640-238x238-1-150x150.jpg 150w\" sizes=\"auto, (max-width: 238px) 100vw, 238px\" \/><\/div>\n\t\t<\/figure>\n\t<\/div>\n\n\t<div class=\"wpb_text_column wpb_content_element\" >\n\t\t<div class=\"wpb_wrapper\">\n\t\t\t<h3><strong>Comprar palets Sabadell<\/strong><\/h3>\n\n\t\t<\/div>\n\t<\/div>\n\n\t<div class=\"wpb_text_column wpb_content_element\" >\n\t\t<div class=\"wpb_wrapper\">\n\t\t\t<p>Palets per a la teva empresa a Sabadell<\/p>\n\n\t\t<\/div>\n\t<\/div>\n<div class=\"vc_btn3-container vc_btn3-inline\" ><a class=\"vc_general vc_btn3 vc_btn3-size-md vc_btn3-shape-rounded vc_btn3-style-flat vc_btn3-color-warning\" href=\"https:\/\/reciclajesmoa.com\/ca\/comprar-palets\/comprar-palets-sabadell\/\" title=\"Comprar palets Sabadell\">M\u00e9s informaci\u00f3<\/a><\/div><\/div><\/div><\/div><\/div><\/div><\/div><div class=\"vc_tta-panel\" id=\"1677503841767-55a0a7db-059c\" data-vc-content=\".vc_tta-panel-body\"><div class=\"vc_tta-panel-heading\"><h4 class=\"vc_tta-panel-title\"><a href=\"#1677503841767-55a0a7db-059c\" data-vc-accordion data-vc-container=\".vc_tta-container\"><span class=\"vc_tta-title-text\"><\/span><\/a><\/h4><\/div><div class=\"vc_tta-panel-body\"><div class=\"vc_row wpb_row vc_inner vc_row-fluid\"><div class=\"wpb_column vc_column_container vc_col-sm-3\"><div class=\"vc_column-inner\"><div class=\"wpb_wrapper\">\n\t<div  class=\"wpb_single_image wpb_content_element vc_align_left\">\n\t\t\n\t\t<figure class=\"wpb_wrapper vc_figure\">\n\t\t\t<div class=\"vc_single_image-wrapper   vc_box_border_grey\"><img loading=\"lazy\" decoding=\"async\" width=\"238\" height=\"238\" src=\"https:\/\/reciclajesmoa.com\/wp-content\/uploads\/2023\/02\/camion-palets-moa-1024x683-min-1-238x238-1.jpg\" class=\"vc_single_image-img attachment-full\" alt=\"Comprar palets Granollers\" title=\"Comprar palets Granollers\" srcset=\"https:\/\/reciclajesmoa.com\/wp-content\/uploads\/2023\/02\/camion-palets-moa-1024x683-min-1-238x238-1.jpg 238w, https:\/\/reciclajesmoa.com\/wp-content\/uploads\/2023\/02\/camion-palets-moa-1024x683-min-1-238x238-1-150x150.jpg 150w\" sizes=\"auto, (max-width: 238px) 100vw, 238px\" \/><\/div>\n\t\t<\/figure>\n\t<\/div>\n\n\t<div class=\"wpb_text_column wpb_content_element\" >\n\t\t<div class=\"wpb_wrapper\">\n\t\t\t<h3><strong>Comprar palets Granollers<\/strong><\/h3>\n\n\t\t<\/div>\n\t<\/div>\n\n\t<div class=\"wpb_text_column wpb_content_element\" >\n\t\t<div class=\"wpb_wrapper\">\n\t\t\t<p>Comprar palets a Granollers<\/p>\n\n\t\t<\/div>\n\t<\/div>\n<div class=\"vc_btn3-container vc_btn3-inline\" ><a class=\"vc_general vc_btn3 vc_btn3-size-md vc_btn3-shape-rounded vc_btn3-style-flat vc_btn3-color-warning\" href=\"https:\/\/reciclajesmoa.com\/ca\/comprar-palets\/comprar-palets-granollers\/\" title=\"Comprar palets Granollers\">M\u00e9s informaci\u00f3<\/a><\/div><\/div><\/div><\/div><div class=\"wpb_column vc_column_container vc_col-sm-3\"><div class=\"vc_column-inner\"><div class=\"wpb_wrapper\">\n\t<div  class=\"wpb_single_image wpb_content_element vc_align_left\">\n\t\t\n\t\t<figure class=\"wpb_wrapper vc_figure\">\n\t\t\t<div class=\"vc_single_image-wrapper   vc_box_border_grey\"><img loading=\"lazy\" decoding=\"async\" width=\"238\" height=\"238\" src=\"https:\/\/reciclajesmoa.com\/wp-content\/uploads\/2023\/02\/reciclaje-palets2-238x238-1.jpg\" class=\"vc_single_image-img attachment-full\" alt=\"Palets Sant Boi del Llobregat\" title=\"Palets Sant Boi del Llobregat\" srcset=\"https:\/\/reciclajesmoa.com\/wp-content\/uploads\/2023\/02\/reciclaje-palets2-238x238-1.jpg 238w, https:\/\/reciclajesmoa.com\/wp-content\/uploads\/2023\/02\/reciclaje-palets2-238x238-1-150x150.jpg 150w\" sizes=\"auto, (max-width: 238px) 100vw, 238px\" \/><\/div>\n\t\t<\/figure>\n\t<\/div>\n\n\t<div class=\"wpb_text_column wpb_content_element\" >\n\t\t<div class=\"wpb_wrapper\">\n\t\t\t<h3><strong>Palets Sant Boi del Llobregat<\/strong><\/h3>\n\n\t\t<\/div>\n\t<\/div>\n\n\t<div class=\"wpb_text_column wpb_content_element\" >\n\t\t<div class=\"wpb_wrapper\">\n\t\t\t<p>Compra els millors palets a Sant Boi del Llobregat<\/p>\n\n\t\t<\/div>\n\t<\/div>\n<div class=\"vc_btn3-container vc_btn3-inline\" ><a class=\"vc_general vc_btn3 vc_btn3-size-md vc_btn3-shape-rounded vc_btn3-style-flat vc_btn3-color-warning\" href=\"https:\/\/reciclajesmoa.com\/ca\/palets-sant-boi-del-llobregat\/\" title=\"Venda palets Sabadell\">M\u00e9s informaci\u00f3<\/a><\/div><\/div><\/div><\/div><div class=\"wpb_column vc_column_container vc_col-sm-3\"><div class=\"vc_column-inner\"><div class=\"wpb_wrapper\">\n\t<div  class=\"wpb_single_image wpb_content_element vc_align_left\">\n\t\t\n\t\t<figure class=\"wpb_wrapper vc_figure\">\n\t\t\t<div class=\"vc_single_image-wrapper   vc_box_border_grey\"><img loading=\"lazy\" decoding=\"async\" width=\"238\" height=\"238\" src=\"https:\/\/reciclajesmoa.com\/wp-content\/uploads\/2023\/02\/palets-sant-cugat.jpg\" class=\"vc_single_image-img attachment-full\" alt=\"Palets Sant Cugat\" title=\"Palets Sant Cugat\" srcset=\"https:\/\/reciclajesmoa.com\/wp-content\/uploads\/2023\/02\/palets-sant-cugat.jpg 238w, https:\/\/reciclajesmoa.com\/wp-content\/uploads\/2023\/02\/palets-sant-cugat-150x150.jpg 150w\" sizes=\"auto, (max-width: 238px) 100vw, 238px\" \/><\/div>\n\t\t<\/figure>\n\t<\/div>\n\n\t<div class=\"wpb_text_column wpb_content_element\" >\n\t\t<div class=\"wpb_wrapper\">\n\t\t\t<h3><strong>Palets Sant Cugat<\/strong><\/h3>\n\n\t\t<\/div>\n\t<\/div>\n\n\t<div class=\"wpb_text_column wpb_content_element\" >\n\t\t<div class=\"wpb_wrapper\">\n\t\t\t<p>Comprar palets a Sant Cugat<\/p>\n\n\t\t<\/div>\n\t<\/div>\n<div class=\"vc_btn3-container vc_btn3-inline\" ><a class=\"vc_general vc_btn3 vc_btn3-size-md vc_btn3-shape-rounded vc_btn3-style-flat vc_btn3-color-warning\" href=\"https:\/\/reciclajesmoa.com\/ca\/palets-sant-cugat\/\" title=\"Venda palets Sabadell\">M\u00e9s informaci\u00f3<\/a><\/div><\/div><\/div><\/div><div class=\"wpb_column vc_column_container vc_col-sm-3\"><div class=\"vc_column-inner\"><div class=\"wpb_wrapper\">\n\t<div  class=\"wpb_single_image wpb_content_element vc_align_left\">\n\t\t\n\t\t<figure class=\"wpb_wrapper vc_figure\">\n\t\t\t<div class=\"vc_single_image-wrapper   vc_box_border_grey\"><img loading=\"lazy\" decoding=\"async\" width=\"2000\" height=\"1414\" src=\"https:\/\/reciclajesmoa.com\/wp-content\/uploads\/2022\/12\/palets-en-Granollers.jpg\" class=\"vc_single_image-img attachment-full\" alt=\"palets en Granollers\" title=\"palets a Granollers\" srcset=\"https:\/\/reciclajesmoa.com\/wp-content\/uploads\/2022\/12\/palets-en-Granollers.jpg 2000w, https:\/\/reciclajesmoa.com\/wp-content\/uploads\/2022\/12\/palets-en-Granollers-300x212.jpg 300w, https:\/\/reciclajesmoa.com\/wp-content\/uploads\/2022\/12\/palets-en-Granollers-1024x724.jpg 1024w, https:\/\/reciclajesmoa.com\/wp-content\/uploads\/2022\/12\/palets-en-Granollers-768x543.jpg 768w, https:\/\/reciclajesmoa.com\/wp-content\/uploads\/2022\/12\/palets-en-Granollers-1536x1086.jpg 1536w\" sizes=\"auto, (max-width: 2000px) 100vw, 2000px\" \/><\/div>\n\t\t<\/figure>\n\t<\/div>\n\n\t<div class=\"wpb_text_column wpb_content_element\" >\n\t\t<div class=\"wpb_wrapper\">\n\t\t\t<h3><strong>Comprar palets Barber\u00e0 del Vall\u00e8s<\/strong><\/h3>\n\n\t\t<\/div>\n\t<\/div>\n\n\t<div class=\"wpb_text_column wpb_content_element\" >\n\t\t<div class=\"wpb_wrapper\">\n\t\t\t<p>Palets per a la teva empresa a Barber\u00e0<\/p>\n\n\t\t<\/div>\n\t<\/div>\n<div class=\"vc_btn3-container vc_btn3-inline\" ><a class=\"vc_general vc_btn3 vc_btn3-size-md vc_btn3-shape-rounded vc_btn3-style-flat vc_btn3-color-warning\" href=\"https:\/\/reciclajesmoa.com\/ca\/palets-barbera-del-valles\/\" title=\"Palets Barber\u00e0 del Vall\u00e8s\">M\u00e9s informaci\u00f3<\/a><\/div><\/div><\/div><\/div><\/div><\/div><\/div><\/div><ul class=\"vc_general vc_pagination vc_pagination-style-outline vc_pagination-shape-square vc_pagination-color-black\"><li class=\"vc_pagination-item vc_active\" data-vc-tab><a href=\"#1677503821424-e8b9f12f-01c3\" class=\"vc_pagination-trigger\" data-vc-tabs data-vc-container=\".vc_tta\"><\/a><\/li><li class=\"vc_pagination-item\" data-vc-tab><a href=\"#1677503822890-09c2c418-9009\" class=\"vc_pagination-trigger\" data-vc-tabs data-vc-container=\".vc_tta\"><\/a><\/li><li class=\"vc_pagination-item\" data-vc-tab><a href=\"#1677503825912-aa86f01b-718c\" class=\"vc_pagination-trigger\" data-vc-tabs data-vc-container=\".vc_tta\"><\/a><\/li><li class=\"vc_pagination-item\" data-vc-tab><a href=\"#1677503831880-bb26610e-93ed\" class=\"vc_pagination-trigger\" data-vc-tabs data-vc-container=\".vc_tta\"><\/a><\/li><li class=\"vc_pagination-item\" data-vc-tab><a href=\"#1677503841767-55a0a7db-059c\" class=\"vc_pagination-trigger\" data-vc-tabs data-vc-container=\".vc_tta\"><\/a><\/li><\/ul><\/div><\/div><\/div><\/div><\/div><\/div><\/div><div class=\"vc_row wpb_row vc_row-fluid wpb_animate_when_almost_visible wpb_fadeInUp fadeInUp\"><div class=\"wpb_column vc_column_container vc_col-sm-12\"><div class=\"vc_column-inner\"><div class=\"wpb_wrapper\">\n\t<div class=\"wpb_text_column wpb_content_element\" >\n\t\t<div class=\"wpb_wrapper\">\n\t\t\t<h3 style=\"font-size: 40px;\"><span style=\"color: #152438;\">\u00daLTIMES<\/span><span style=\"color: #fab90a;\"> NOT\u00cdCIES<\/span><\/h3>\n\n\t\t<\/div>\n\t<\/div>\n\n<div class=\"vc_grid-container-wrapper vc_clearfix vc_grid-animation-fadeIn\">\n\t<div class=\"vc_grid-container vc_clearfix wpb_content_element vc_basic_grid\" data-initial-loading-animation=\"fadeIn\" data-vc-grid-settings=\"{&quot;page_id&quot;:9,&quot;style&quot;:&quot;all&quot;,&quot;action&quot;:&quot;vc_get_vc_grid_data&quot;,&quot;shortcode_id&quot;:&quot;1678967874286-06962114-4f1f-10&quot;,&quot;tag&quot;:&quot;vc_basic_grid&quot;}\" data-vc-request=\"https:\/\/reciclajesmoa.com\/wp-admin\/admin-ajax.php\" data-vc-post-id=\"9\" data-vc-public-nonce=\"3fafae4dcc\">\n\t\t<style data-type=\"vc_shortcodes-custom-css\">.vc_custom_1419240516480{background-color: #f9f9f9 !important;}<\/style><div class=\"vc_grid vc_row vc_grid-gutter-30px vc_pageable-wrapper vc_hook_hover\" data-vc-pageable-content=\"true\"><div class=\"vc_pageable-slide-wrapper vc_clearfix\" data-vc-grid-content=\"true\"><div class=\"vc_grid-item vc_clearfix vc_col-sm-4 vc_grid-item-zone-c-bottom\"><div class=\"vc_grid-item-mini vc_clearfix\"><div class=\"vc_gitem-animated-block\" ><div class=\"vc_gitem-zone vc_gitem-zone-a vc-gitem-zone-height-mode-auto vc-gitem-zone-height-mode-auto-1-1 vc_gitem-is-link\" style=\"background-image: url('https:\/\/reciclajesmoa.com\/wp-content\/uploads\/2024\/02\/IMG_8603-1024x683.jpg') !important;\"><a href=\"https:\/\/reciclajesmoa.com\/ca\/descubre-las-diferencias-entre-palets-nuevos-y-reciclados-y-elige-la-mejor-opcion-para-tu-empresa\/\" title=\"Descubre las diferencias entre palets nuevos y reciclados y elige la mejor opci\u00f3n para tu empresa\" class=\"vc_gitem-link vc-zone-link\" ><\/a><img decoding=\"async\" class=\"vc_gitem-zone-img\" src=\"https:\/\/reciclajesmoa.com\/wp-content\/uploads\/2024\/02\/IMG_8603-1024x683.jpg\" alt=\"Reciclaje de palets\" loading=\"lazy\"><div class=\"vc_gitem-zone-mini\"><\/div><\/div><\/div><div class=\"vc_gitem-zone vc_gitem-zone-c vc_custom_1419240516480\"><div class=\"vc_gitem-zone-mini\"><div class=\"vc_gitem_row vc_row vc_gitem-row-position-top\"><div class=\"vc_col-sm-12 vc_gitem-col vc_gitem-col-align-\"><div class=\"vc_custom_heading vc_gitem-post-data vc_gitem-post-data-source-post_title\" ><h4 style=\"text-align: left\" >Descubre las diferencias entre palets nuevos y reciclados y elige la mejor opci\u00f3n para tu empresa<\/h4><\/div><div class=\"vc_custom_heading vc_gitem-post-data vc_gitem-post-data-source-post_excerpt\" ><p style=\"text-align: left\" ><p>Comparativa entre palets sin uso y reacondicionados A la hora de gestionar el embalaje y transporte de mercanc\u00edas, una de las decisiones clave es elegir entre palets nuevos o reciclados. Conocer las diferencias entre palets nuevos y reciclados permite a las empresas tomar decisiones m\u00e1s inteligentes en t\u00e9rminos de costes, sostenibilidad y log\u00edstica. Los palets&hellip;&nbsp;<a href=\"https:\/\/reciclajesmoa.com\/ca\/descubre-las-diferencias-entre-palets-nuevos-y-reciclados-y-elige-la-mejor-opcion-para-tu-empresa\/\" class=\"\" rel=\"bookmark\">Llegiu m\u00e9s &raquo;<span class=\"screen-reader-text\">Descubre las diferencias entre palets nuevos y reciclados y elige la mejor opci\u00f3n para tu empresa<\/span><\/a><\/p>\n<\/p><\/div><div class=\"vc_btn3-container vc_btn3-left\"><a class=\"vc_general vc_btn3 vc_btn3-size-md vc_btn3-shape-rounded vc_btn3-style-flat vc_btn3-color-juicy-pink\" a href=\"https:\/\/reciclajesmoa.com\/ca\/descubre-las-diferencias-entre-palets-nuevos-y-reciclados-y-elige-la-mejor-opcion-para-tu-empresa\/\" title=\"Llegir-ne m\u00e9s\">Llegir-ne m\u00e9s<\/a><\/div><\/div><\/div><\/div><\/div><\/div><div class=\"vc_clearfix\"><\/div><\/div><div class=\"vc_grid-item vc_clearfix vc_col-sm-4 vc_grid-item-zone-c-bottom\"><div class=\"vc_grid-item-mini vc_clearfix\"><div class=\"vc_gitem-animated-block\" ><div class=\"vc_gitem-zone vc_gitem-zone-a vc-gitem-zone-height-mode-auto vc-gitem-zone-height-mode-auto-1-1 vc_gitem-is-link\" style=\"background-image: url('https:\/\/reciclajesmoa.com\/wp-content\/uploads\/2024\/03\/fabricacion-de-palets-en-Barcelona.jpg') !important;\"><a href=\"https:\/\/reciclajesmoa.com\/ca\/que-hacer-con-palets-usados-en-tu-empresa-soluciones-sostenibles-y-eficientes\/\" title=\"\u00bfQu\u00e9 hacer con palets usados en tu empresa? Soluciones sostenibles y eficientes\" class=\"vc_gitem-link vc-zone-link\" ><\/a><img decoding=\"async\" class=\"vc_gitem-zone-img\" src=\"https:\/\/reciclajesmoa.com\/wp-content\/uploads\/2024\/03\/fabricacion-de-palets-en-Barcelona.jpg\" alt=\"\u00bfQu\u00e9 hacer con palets usados en tu empresa? Soluciones sostenibles y eficientes\" loading=\"lazy\"><div class=\"vc_gitem-zone-mini\"><\/div><\/div><\/div><div class=\"vc_gitem-zone vc_gitem-zone-c vc_custom_1419240516480\"><div class=\"vc_gitem-zone-mini\"><div class=\"vc_gitem_row vc_row vc_gitem-row-position-top\"><div class=\"vc_col-sm-12 vc_gitem-col vc_gitem-col-align-\"><div class=\"vc_custom_heading vc_gitem-post-data vc_gitem-post-data-source-post_title\" ><h4 style=\"text-align: left\" >\u00bfQu\u00e9 hacer con palets usados en tu empresa? Soluciones sostenibles y eficientes<\/h4><\/div><div class=\"vc_custom_heading vc_gitem-post-data vc_gitem-post-data-source-post_excerpt\" ><p style=\"text-align: left\" ><p>Alternativas ecol\u00f3gicas para gestionar palets sobrantes En el entorno industrial y log\u00edstico, la acumulaci\u00f3n de materiales es una constante. Uno de los elementos m\u00e1s frecuentes son los palets de madera, que tras cumplir su funci\u00f3n principal suelen quedar relegados a un rinc\u00f3n del almac\u00e9n o, peor a\u00fan, acabar como residuos. Sin embargo, entender qu\u00e9 hacer&hellip;&nbsp;<a href=\"https:\/\/reciclajesmoa.com\/ca\/que-hacer-con-palets-usados-en-tu-empresa-soluciones-sostenibles-y-eficientes\/\" class=\"\" rel=\"bookmark\">Llegiu m\u00e9s &raquo;<span class=\"screen-reader-text\">\u00bfQu\u00e9 hacer con palets usados en tu empresa? Soluciones sostenibles y eficientes<\/span><\/a><\/p>\n<\/p><\/div><div class=\"vc_btn3-container vc_btn3-left\"><a class=\"vc_general vc_btn3 vc_btn3-size-md vc_btn3-shape-rounded vc_btn3-style-flat vc_btn3-color-juicy-pink\" a href=\"https:\/\/reciclajesmoa.com\/ca\/que-hacer-con-palets-usados-en-tu-empresa-soluciones-sostenibles-y-eficientes\/\" title=\"Llegir-ne m\u00e9s\">Llegir-ne m\u00e9s<\/a><\/div><\/div><\/div><\/div><\/div><\/div><div class=\"vc_clearfix\"><\/div><\/div><div class=\"vc_grid-item vc_clearfix vc_col-sm-4 vc_grid-item-zone-c-bottom\"><div class=\"vc_grid-item-mini vc_clearfix\"><div class=\"vc_gitem-animated-block\" ><div class=\"vc_gitem-zone vc_gitem-zone-a vc-gitem-zone-height-mode-auto vc-gitem-zone-height-mode-auto-1-1 vc_gitem-is-link\" style=\"background-image: url('https:\/\/reciclajesmoa.com\/wp-content\/uploads\/2024\/01\/reciclado-de-palets-de-madera-1024x724.png') !important;\"><a href=\"https:\/\/reciclajesmoa.com\/ca\/5-razones-para-elegir-palets-reacondicionados-y-optimizar-tu-logistica\/\" title=\"5 razones para elegir palets reacondicionados y optimizar tu log\u00edstica\" class=\"vc_gitem-link vc-zone-link\" ><\/a><img decoding=\"async\" class=\"vc_gitem-zone-img\" src=\"https:\/\/reciclajesmoa.com\/wp-content\/uploads\/2024\/01\/reciclado-de-palets-de-madera-1024x724.png\" alt=\"reciclado de palets de madera\" loading=\"lazy\"><div class=\"vc_gitem-zone-mini\"><\/div><\/div><\/div><div class=\"vc_gitem-zone vc_gitem-zone-c vc_custom_1419240516480\"><div class=\"vc_gitem-zone-mini\"><div class=\"vc_gitem_row vc_row vc_gitem-row-position-top\"><div class=\"vc_col-sm-12 vc_gitem-col vc_gitem-col-align-\"><div class=\"vc_custom_heading vc_gitem-post-data vc_gitem-post-data-source-post_title\" ><h4 style=\"text-align: left\" >5 razones para elegir palets reacondicionados y optimizar tu log\u00edstica<\/h4><\/div><div class=\"vc_custom_heading vc_gitem-post-data vc_gitem-post-data-source-post_excerpt\" ><p style=\"text-align: left\" ><p>Beneficios operativos y medioambientales En un mercado cada vez m\u00e1s enfocado en la eficiencia y la sostenibilidad, las empresas buscan soluciones que no solo sean funcionales, sino tambi\u00e9n responsables con el entorno. Entre estas decisiones estrat\u00e9gicas, una de las m\u00e1s efectivas y sencillas es la elecci\u00f3n de palets reacondicionados. Existen m\u00faltiples razones para elegir palets&hellip;&nbsp;<a href=\"https:\/\/reciclajesmoa.com\/ca\/5-razones-para-elegir-palets-reacondicionados-y-optimizar-tu-logistica\/\" class=\"\" rel=\"bookmark\">Llegiu m\u00e9s &raquo;<span class=\"screen-reader-text\">5 razones para elegir palets reacondicionados y optimizar tu log\u00edstica<\/span><\/a><\/p>\n<\/p><\/div><div class=\"vc_btn3-container vc_btn3-left\"><a class=\"vc_general vc_btn3 vc_btn3-size-md vc_btn3-shape-rounded vc_btn3-style-flat vc_btn3-color-juicy-pink\" a href=\"https:\/\/reciclajesmoa.com\/ca\/5-razones-para-elegir-palets-reacondicionados-y-optimizar-tu-logistica\/\" title=\"Llegir-ne m\u00e9s\">Llegir-ne m\u00e9s<\/a><\/div><\/div><\/div><\/div><\/div><\/div><div class=\"vc_clearfix\"><\/div><\/div><\/div><\/div>\n\t<\/div>\n<\/div><\/div><\/div><\/div><\/div><div class=\"vc_row wpb_row vc_row-fluid\"><div class=\"wpb_column vc_column_container vc_col-sm-12\"><div class=\"vc_column-inner\"><div class=\"wpb_wrapper\"><div class=\"vc_empty_space\"   style=\"height: 132px\"><span class=\"vc_empty_space_inner\"><\/span><\/div><\/div><\/div><\/div><\/div>\n<\/div>","protected":false},"excerpt":{"rendered":"L\u00cdDERES EN LA INDUSTRIA DE PALETS EN BARCELONA L\u00cdDERES EN LA INDUSTRIA DE PALETS EN BARCELONA COMPRA Y VENTA DE PALETS RECICLAJES MOA ofrece un amplio y variado stock de toda clase de palets, no dude en contactar con nosotros ante cualquier duda. Tambi\u00e9n ofrecemos el servicio de compra de palets donde los recuperamos y<a href=\"https:\/\/reciclajesmoa.com\/ca\/\" class=\"\" rel=\"bookmark\">Llegiu m\u00e9s &raquo;<span class=\"screen-reader-text\">Inici<\/span><\/a>","protected":false},"author":1,"featured_media":0,"parent":0,"menu_order":0,"comment_status":"closed","ping_status":"closed","template":"","meta":{"neve_meta_sidebar":"","neve_meta_container":"","neve_meta_enable_content_width":"off","neve_meta_content_width":100,"neve_meta_title_alignment":"","neve_meta_author_avatar":"","neve_post_elements_order":"","neve_meta_disable_header":"","neve_meta_disable_footer":"","neve_meta_disable_title":"on","neve_meta_reading_time":"","footnotes":""},"class_list":["post-9","page","type-page","status-publish","hentry"],"yoast_head":"<!-- This site is optimized with the Yoast SEO plugin v22.2 - https:\/\/yoast.com\/wordpress\/plugins\/seo\/ -->\n<title>Venta de Palets y Reciclaje en Barcelona - Reciclajes\u00a0Moa<\/title>\n<meta name=\"description\" content=\"En Reciclajes Moa nos dedicamos a la compra-venta de palets, a su fabricaci\u00f3n, y a su adecuada gesti\u00f3n.\" \/>\n<meta name=\"robots\" content=\"index, follow, max-snippet:-1, max-image-preview:large, max-video-preview:-1\" \/>\n<link rel=\"canonical\" href=\"https:\/\/reciclajesmoa.com\/ca\/\" \/>\n<meta property=\"og:locale\" content=\"ca_ES\" \/>\n<meta property=\"og:type\" content=\"article\" \/>\n<meta property=\"og:title\" content=\"Venta de Palets y Reciclaje en Barcelona - Reciclajes\u00a0Moa\" \/>\n<meta property=\"og:description\" content=\"En Reciclajes Moa nos dedicamos a la compra-venta de palets, a su fabricaci\u00f3n, y a su adecuada gesti\u00f3n.\" \/>\n<meta property=\"og:url\" content=\"https:\/\/reciclajesmoa.com\/ca\/\" \/>\n<meta property=\"og:site_name\" content=\"Reciclajes Moa - Palets Barcelona\" \/>\n<meta property=\"article:modified_time\" content=\"2023-03-16T11:59:27+00:00\" \/>\n<meta name=\"twitter:card\" content=\"summary_large_image\" \/>\n<meta name=\"twitter:label1\" content=\"Temps estimat de lectura\" \/>\n\t<meta name=\"twitter:data1\" content=\"22 minuts\" \/>\n<script type=\"application\/ld+json\" class=\"yoast-schema-graph\">{\"@context\":\"https:\/\/schema.org\",\"@graph\":[{\"@type\":\"WebPage\",\"@id\":\"https:\/\/reciclajesmoa.com\/\",\"url\":\"https:\/\/reciclajesmoa.com\/\",\"name\":\"Venta de Palets y Reciclaje en Barcelona - Reciclajes\u00a0Moa\",\"isPartOf\":{\"@id\":\"https:\/\/reciclajesmoa.com\/#website\"},\"datePublished\":\"2023-02-10T11:42:47+00:00\",\"dateModified\":\"2023-03-16T11:59:27+00:00\",\"description\":\"En Reciclajes Moa nos dedicamos a la compra-venta de palets, a su fabricaci\u00f3n, y a su adecuada gesti\u00f3n.\",\"breadcrumb\":{\"@id\":\"https:\/\/reciclajesmoa.com\/#breadcrumb\"},\"inLanguage\":\"ca\",\"potentialAction\":[{\"@type\":\"ReadAction\",\"target\":[\"https:\/\/reciclajesmoa.com\/\"]}]},{\"@type\":\"BreadcrumbList\",\"@id\":\"https:\/\/reciclajesmoa.com\/#breadcrumb\",\"itemListElement\":[{\"@type\":\"ListItem\",\"position\":1,\"name\":\"Portada\",\"item\":\"https:\/\/reciclajesmoa.com\/\"},{\"@type\":\"ListItem\",\"position\":2,\"name\":\"Inicio\"}]},{\"@type\":\"WebSite\",\"@id\":\"https:\/\/reciclajesmoa.com\/#website\",\"url\":\"https:\/\/reciclajesmoa.com\/\",\"name\":\"Reciclajes Moa - Palets Barcelona\",\"description\":\"\",\"potentialAction\":[{\"@type\":\"SearchAction\",\"target\":{\"@type\":\"EntryPoint\",\"urlTemplate\":\"https:\/\/reciclajesmoa.com\/?s={search_term_string}\"},\"query-input\":\"required name=search_term_string\"}],\"inLanguage\":\"ca\"}]}<\/script>\n<!-- \/ Yoast SEO plugin. -->","yoast_head_json":{"title":"Venta de Palets y Reciclaje en Barcelona - Reciclajes\u00a0Moa","description":"En Reciclajes Moa nos dedicamos a la compra-venta de palets, a su fabricaci\u00f3n, y a su adecuada gesti\u00f3n.","robots":{"index":"index","follow":"follow","max-snippet":"max-snippet:-1","max-image-preview":"max-image-preview:large","max-video-preview":"max-video-preview:-1"},"canonical":"https:\/\/reciclajesmoa.com\/ca\/","og_locale":"ca_ES","og_type":"article","og_title":"Venta de Palets y Reciclaje en Barcelona - Reciclajes\u00a0Moa","og_description":"En Reciclajes Moa nos dedicamos a la compra-venta de palets, a su fabricaci\u00f3n, y a su adecuada gesti\u00f3n.","og_url":"https:\/\/reciclajesmoa.com\/ca\/","og_site_name":"Reciclajes Moa - Palets Barcelona","article_modified_time":"2023-03-16T11:59:27+00:00","twitter_card":"summary_large_image","twitter_misc":{"Temps estimat de lectura":"22 minuts"},"schema":{"@context":"https:\/\/schema.org","@graph":[{"@type":"WebPage","@id":"https:\/\/reciclajesmoa.com\/","url":"https:\/\/reciclajesmoa.com\/","name":"Venta de Palets y Reciclaje en Barcelona - Reciclajes\u00a0Moa","isPartOf":{"@id":"https:\/\/reciclajesmoa.com\/#website"},"datePublished":"2023-02-10T11:42:47+00:00","dateModified":"2023-03-16T11:59:27+00:00","description":"En Reciclajes Moa nos dedicamos a la compra-venta de palets, a su fabricaci\u00f3n, y a su adecuada gesti\u00f3n.","breadcrumb":{"@id":"https:\/\/reciclajesmoa.com\/#breadcrumb"},"inLanguage":"ca","potentialAction":[{"@type":"ReadAction","target":["https:\/\/reciclajesmoa.com\/"]}]},{"@type":"BreadcrumbList","@id":"https:\/\/reciclajesmoa.com\/#breadcrumb","itemListElement":[{"@type":"ListItem","position":1,"name":"Portada","item":"https:\/\/reciclajesmoa.com\/"},{"@type":"ListItem","position":2,"name":"Inicio"}]},{"@type":"WebSite","@id":"https:\/\/reciclajesmoa.com\/#website","url":"https:\/\/reciclajesmoa.com\/","name":"Reciclajes Moa - Palets Barcelona","description":"","potentialAction":[{"@type":"SearchAction","target":{"@type":"EntryPoint","urlTemplate":"https:\/\/reciclajesmoa.com\/?s={search_term_string}"},"query-input":"required name=search_term_string"}],"inLanguage":"ca"}]}},"_links":{"self":[{"href":"https:\/\/reciclajesmoa.com\/ca\/wp-json\/wp\/v2\/pages\/9","targetHints":{"allow":["GET"]}}],"collection":[{"href":"https:\/\/reciclajesmoa.com\/ca\/wp-json\/wp\/v2\/pages"}],"about":[{"href":"https:\/\/reciclajesmoa.com\/ca\/wp-json\/wp\/v2\/types\/page"}],"author":[{"embeddable":true,"href":"https:\/\/reciclajesmoa.com\/ca\/wp-json\/wp\/v2\/users\/1"}],"replies":[{"embeddable":true,"href":"https:\/\/reciclajesmoa.com\/ca\/wp-json\/wp\/v2\/comments?post=9"}],"version-history":[{"count":6,"href":"https:\/\/reciclajesmoa.com\/ca\/wp-json\/wp\/v2\/pages\/9\/revisions"}],"predecessor-version":[{"id":1740,"href":"https:\/\/reciclajesmoa.com\/ca\/wp-json\/wp\/v2\/pages\/9\/revisions\/1740"}],"wp:attachment":[{"href":"https:\/\/reciclajesmoa.com\/ca\/wp-json\/wp\/v2\/media?parent=9"}],"curies":[{"name":"wp","href":"https:\/\/api.w.org\/{rel}","templated":true}]}}